{"version":"1.0","provider_name":"\u0160koda We Love Cycling - Estonia","provider_url":"https:\/\/www.welovecycling.com\/ee","author_name":"andre","author_url":"https:\/\/www.welovecycling.com\/ee\/author\/andre\/","title":"M\u00f5ned Tour de France\u2019i legendaarsed paigad","type":"rich","width":600,"height":338,"html":"<blockquote class=\"wp-embedded-content\" data-secret=\"ern8Kf4c5k\"><a href=\"https:\/\/www.welovecycling.com\/ee\/2023\/07\/03\/moned-tour-de-francei-legendaarsed-paigad\/\">M\u00f5ned Tour de France\u2019i legendaarsed paigad<\/a><\/blockquote><iframe sandbox=\"allow-scripts\" security=\"restricted\" src=\"https:\/\/www.welovecycling.com\/ee\/2023\/07\/03\/moned-tour-de-francei-legendaarsed-paigad\/embed\/#?secret=ern8Kf4c5k\" width=\"600\" height=\"338\" title=\"&#8220;M\u00f5ned Tour de France\u2019i legendaarsed paigad&#8221; &#8212; \u0160koda We Love Cycling - Estonia\" data-secret=\"ern8Kf4c5k\" frameborder=\"0\" marginwidth=\"0\" marginheight=\"0\" scrolling=\"no\" class=\"wp-embedded-content\"><\/iframe><script type=\"text\/javascript\">\n\/* <![CDATA[ *\/\n\/*! This file is auto-generated *\/\n!function(d,l){\"use strict\";l.querySelector&&d.addEventListener&&\"undefined\"!=typeof URL&&(d.wp=d.wp||{},d.wp.receiveEmbedMessage||(d.wp.receiveEmbedMessage=function(e){var t=e.data;if((t||t.secret||t.message||t.value)&&!\/[^a-zA-Z0-9]\/.test(t.secret)){for(var s,r,n,a=l.querySelectorAll('iframe[data-secret=\"'+t.secret+'\"]'),o=l.querySelectorAll('blockquote[data-secret=\"'+t.secret+'\"]'),c=new RegExp(\"^https?:$\",\"i\"),i=0;i<o.length;i++)o[i].style.display=\"none\";for(i=0;i<a.length;i++)s=a[i],e.source===s.contentWindow&&(s.removeAttribute(\"style\"),\"height\"===t.message?(1e3<(r=parseInt(t.value,10))?r=1e3:~~r<200&&(r=200),s.height=r):\"link\"===t.message&&(r=new URL(s.getAttribute(\"src\")),n=new URL(t.value),c.test(n.protocol))&&n.host===r.host&&l.activeElement===s&&(d.top.location.href=t.value))}},d.addEventListener(\"message\",d.wp.receiveEmbedMessage,!1),l.addEventListener(\"DOMContentLoaded\",function(){for(var e,t,s=l.querySelectorAll(\"iframe.wp-embedded-content\"),r=0;r<s.length;r++)(t=(e=s[r]).getAttribute(\"data-secret\"))||(t=Math.random().toString(36).substring(2,12),e.src+=\"#?secret=\"+t,e.setAttribute(\"data-secret\",t)),e.contentWindow.postMessage({message:\"ready\",secret:t},\"*\")},!1)))}(window,document);\n\/* ]]> *\/\n<\/script>\n","thumbnail_url":"https:\/\/d2p6e6u75xmxt8.cloudfront.net\/15\/2023\/07\/parimad-kohad1.webp","thumbnail_width":892,"thumbnail_height":593,"description":"Lisaks kolmen\u00e4dalasele rattav\u00f5istlusele on Tour de France \u2013 nagu k\u00f5ik suurtuurid \u2013 ka tuur ehk ringreis selle s\u00f5na otseses m\u00f5ttes: \u201ePikem reis, harilikult meelahutuse eesm\u00e4rgil, mille k\u00e4igus k\u00fclastatakse marsruudile j\u00e4\u00e4vaid huviv\u00e4\u00e4rsusi\u201c. See on t\u00f5epoolest m\u00f6\u00f6da kogu maad kulgev ringreis huvitavatesse kohtadesse, et neid n\u00e4ha. Kuid Touri kultuslikud paigad m\u00e4rgivad eelk\u00f5ige tema sportlikku ajalugu, seal kunagi aset leidnud draamasid."}