{"version":"1.0","provider_name":"\u0160koda We Love Cycling - Estonia","provider_url":"https:\/\/www.welovecycling.com\/ee","author_name":"andre","author_url":"https:\/\/www.welovecycling.com\/ee\/author\/andre\/","title":"Rattas\u00f5it terve perega on oluline \u2013 ja vaat miks!","type":"rich","width":600,"height":338,"html":"<blockquote class=\"wp-embedded-content\" data-secret=\"x7nRKtANfF\"><a href=\"https:\/\/www.welovecycling.com\/ee\/2023\/06\/13\/rattasoit-terve-perega-on-oluline-ja-vaat-miks\/\">Rattas\u00f5it terve perega on oluline \u2013 ja vaat miks!<\/a><\/blockquote><iframe sandbox=\"allow-scripts\" security=\"restricted\" src=\"https:\/\/www.welovecycling.com\/ee\/2023\/06\/13\/rattasoit-terve-perega-on-oluline-ja-vaat-miks\/embed\/#?secret=x7nRKtANfF\" width=\"600\" height=\"338\" title=\"&#8220;Rattas\u00f5it terve perega on oluline \u2013 ja vaat miks!&#8221; &#8212; \u0160koda We Love Cycling - Estonia\" data-secret=\"x7nRKtANfF\" frameborder=\"0\" marginwidth=\"0\" marginheight=\"0\" scrolling=\"no\" class=\"wp-embedded-content\"><\/iframe><script type=\"text\/javascript\">\n\/* <![CDATA[ *\/\n\/*! This file is auto-generated *\/\n!function(d,l){\"use strict\";l.querySelector&&d.addEventListener&&\"undefined\"!=typeof URL&&(d.wp=d.wp||{},d.wp.receiveEmbedMessage||(d.wp.receiveEmbedMessage=function(e){var t=e.data;if((t||t.secret||t.message||t.value)&&!\/[^a-zA-Z0-9]\/.test(t.secret)){for(var s,r,n,a=l.querySelectorAll('iframe[data-secret=\"'+t.secret+'\"]'),o=l.querySelectorAll('blockquote[data-secret=\"'+t.secret+'\"]'),c=new RegExp(\"^https?:$\",\"i\"),i=0;i<o.length;i++)o[i].style.display=\"none\";for(i=0;i<a.length;i++)s=a[i],e.source===s.contentWindow&&(s.removeAttribute(\"style\"),\"height\"===t.message?(1e3<(r=parseInt(t.value,10))?r=1e3:~~r<200&&(r=200),s.height=r):\"link\"===t.message&&(r=new URL(s.getAttribute(\"src\")),n=new URL(t.value),c.test(n.protocol))&&n.host===r.host&&l.activeElement===s&&(d.top.location.href=t.value))}},d.addEventListener(\"message\",d.wp.receiveEmbedMessage,!1),l.addEventListener(\"DOMContentLoaded\",function(){for(var e,t,s=l.querySelectorAll(\"iframe.wp-embedded-content\"),r=0;r<s.length;r++)(t=(e=s[r]).getAttribute(\"data-secret\"))||(t=Math.random().toString(36).substring(2,12),e.src+=\"#?secret=\"+t,e.setAttribute(\"data-secret\",t)),e.contentWindow.postMessage({message:\"ready\",secret:t},\"*\")},!1)))}(window,document);\n\/* ]]> *\/\n<\/script>\n","thumbnail_url":"https:\/\/d2p6e6u75xmxt8.cloudfront.net\/15\/2023\/06\/family1.webp","thumbnail_width":892,"thumbnail_height":594,"description":"Rattas\u00f5it terve perega on tore ja haarav ettev\u00f5tmine, mis pakub hulgaliselt h\u00fcvesid nii iga\u00fchele eraldi kui ka tervele perele. Alates f\u00fc\u00fcsilise tervise ja vaimse heaolu parandamisest kuni omavaheliste suhete tugevdamise ja j\u00e4tkusuutliku k\u00e4itumise edendamiseni \u2013 rattas\u00f5itu terve pere osalusel ei maksa alahinnata."}