{"version":"1.0","provider_name":"\u0160koda We Love Cycling - Estonia","provider_url":"https:\/\/www.welovecycling.com\/ee","author_name":"andre","author_url":"https:\/\/www.welovecycling.com\/ee\/author\/andre\/","title":"\u0160koda \"Ma Armastan Jalgrattas\u00f5itu\" rattap\u00e4evad lasteaias","type":"rich","width":600,"height":338,"html":"<blockquote class=\"wp-embedded-content\" data-secret=\"f4U8wfTrzq\"><a href=\"https:\/\/www.welovecycling.com\/ee\/2023\/05\/03\/skoda-ma-armastan-jalgrattasoitu-rattapaevad-lasteaias\/\">\u0160koda &#8220;Ma Armastan Jalgrattas\u00f5itu&#8221; rattap\u00e4evad lasteaias<\/a><\/blockquote><iframe sandbox=\"allow-scripts\" security=\"restricted\" src=\"https:\/\/www.welovecycling.com\/ee\/2023\/05\/03\/skoda-ma-armastan-jalgrattasoitu-rattapaevad-lasteaias\/embed\/#?secret=f4U8wfTrzq\" width=\"600\" height=\"338\" title=\"&#8220;\u0160koda &#8220;Ma Armastan Jalgrattas\u00f5itu&#8221; rattap\u00e4evad lasteaias&#8221; &#8212; \u0160koda We Love Cycling - Estonia\" data-secret=\"f4U8wfTrzq\" frameborder=\"0\" marginwidth=\"0\" marginheight=\"0\" scrolling=\"no\" class=\"wp-embedded-content\"><\/iframe><script type=\"text\/javascript\">\n\/* <![CDATA[ *\/\n\/*! This file is auto-generated *\/\n!function(d,l){\"use strict\";l.querySelector&&d.addEventListener&&\"undefined\"!=typeof URL&&(d.wp=d.wp||{},d.wp.receiveEmbedMessage||(d.wp.receiveEmbedMessage=function(e){var t=e.data;if((t||t.secret||t.message||t.value)&&!\/[^a-zA-Z0-9]\/.test(t.secret)){for(var s,r,n,a=l.querySelectorAll('iframe[data-secret=\"'+t.secret+'\"]'),o=l.querySelectorAll('blockquote[data-secret=\"'+t.secret+'\"]'),c=new RegExp(\"^https?:$\",\"i\"),i=0;i<o.length;i++)o[i].style.display=\"none\";for(i=0;i<a.length;i++)s=a[i],e.source===s.contentWindow&&(s.removeAttribute(\"style\"),\"height\"===t.message?(1e3<(r=parseInt(t.value,10))?r=1e3:~~r<200&&(r=200),s.height=r):\"link\"===t.message&&(r=new URL(s.getAttribute(\"src\")),n=new URL(t.value),c.test(n.protocol))&&n.host===r.host&&l.activeElement===s&&(d.top.location.href=t.value))}},d.addEventListener(\"message\",d.wp.receiveEmbedMessage,!1),l.addEventListener(\"DOMContentLoaded\",function(){for(var e,t,s=l.querySelectorAll(\"iframe.wp-embedded-content\"),r=0;r<s.length;r++)(t=(e=s[r]).getAttribute(\"data-secret\"))||(t=Math.random().toString(36).substring(2,12),e.src+=\"#?secret=\"+t,e.setAttribute(\"data-secret\",t)),e.contentWindow.postMessage({message:\"ready\",secret:t},\"*\")},!1)))}(window,document);\n\/* ]]> *\/\n<\/script>\n","thumbnail_url":"https:\/\/d2p6e6u75xmxt8.cloudfront.net\/15\/2023\/05\/lasteaed.webp","thumbnail_width":900,"thumbnail_height":642,"description":"\u0160koda ja We Love Cyclingu \u00fcks suur soov\u00a0 on levitada jalgrattapisikut ja r\u00e4\u00e4kida turvalise liiklemise olulisusest. Laste jaoks on jalgratas vabaduse ja ise olemise s\u00fcmbol. Et k\u00f5ik s\u00f5idud saaks tehtud v\u00e4ikeste riskide ja suure r\u00f5\u00f5muga, andsime selleks oma v\u00e4ikese panuse."}