{"version":"1.0","provider_name":"\u0160koda We Love Cycling - Estonia","provider_url":"https:\/\/www.welovecycling.com\/ee","author_name":"karit","author_url":"https:\/\/www.welovecycling.com\/ee\/author\/karit\/","title":"\u0160koda Laagri 22. Rakke rattamaraton \u00fcllatab uue rajaga","type":"rich","width":600,"height":338,"html":"<blockquote class=\"wp-embedded-content\" data-secret=\"osHi7EQC0h\"><a href=\"https:\/\/www.welovecycling.com\/ee\/2022\/07\/28\/skoda-laagri-22-rakke-rattamaraton-ullatab-uue-rajaga\/\">\u0160koda Laagri 22. Rakke rattamaraton \u00fcllatab uue rajaga<\/a><\/blockquote><iframe sandbox=\"allow-scripts\" security=\"restricted\" src=\"https:\/\/www.welovecycling.com\/ee\/2022\/07\/28\/skoda-laagri-22-rakke-rattamaraton-ullatab-uue-rajaga\/embed\/#?secret=osHi7EQC0h\" width=\"600\" height=\"338\" title=\"&#8220;\u0160koda Laagri 22. Rakke rattamaraton \u00fcllatab uue rajaga&#8221; &#8212; \u0160koda We Love Cycling - Estonia\" data-secret=\"osHi7EQC0h\" frameborder=\"0\" marginwidth=\"0\" marginheight=\"0\" scrolling=\"no\" class=\"wp-embedded-content\"><\/iframe><script type=\"text\/javascript\">\n\/* <![CDATA[ *\/\n\/*! This file is auto-generated *\/\n!function(d,l){\"use strict\";l.querySelector&&d.addEventListener&&\"undefined\"!=typeof URL&&(d.wp=d.wp||{},d.wp.receiveEmbedMessage||(d.wp.receiveEmbedMessage=function(e){var t=e.data;if((t||t.secret||t.message||t.value)&&!\/[^a-zA-Z0-9]\/.test(t.secret)){for(var s,r,n,a=l.querySelectorAll('iframe[data-secret=\"'+t.secret+'\"]'),o=l.querySelectorAll('blockquote[data-secret=\"'+t.secret+'\"]'),c=new RegExp(\"^https?:$\",\"i\"),i=0;i<o.length;i++)o[i].style.display=\"none\";for(i=0;i<a.length;i++)s=a[i],e.source===s.contentWindow&&(s.removeAttribute(\"style\"),\"height\"===t.message?(1e3<(r=parseInt(t.value,10))?r=1e3:~~r<200&&(r=200),s.height=r):\"link\"===t.message&&(r=new URL(s.getAttribute(\"src\")),n=new URL(t.value),c.test(n.protocol))&&n.host===r.host&&l.activeElement===s&&(d.top.location.href=t.value))}},d.addEventListener(\"message\",d.wp.receiveEmbedMessage,!1),l.addEventListener(\"DOMContentLoaded\",function(){for(var e,t,s=l.querySelectorAll(\"iframe.wp-embedded-content\"),r=0;r<s.length;r++)(t=(e=s[r]).getAttribute(\"data-secret\"))||(t=Math.random().toString(36).substring(2,12),e.src+=\"#?secret=\"+t,e.setAttribute(\"data-secret\",t)),e.contentWindow.postMessage({message:\"ready\",secret:t},\"*\")},!1)))}(window,document);\n\/* ]]> *\/\n<\/script>\n","thumbnail_url":"https:\/\/d2p6e6u75xmxt8.cloudfront.net\/15\/2022\/07\/50155814933_a2410eebf8_k.jpg","thumbnail_width":2048,"thumbnail_height":1365,"description":"\u0160koda Laagri 22. Rakke rattamaratoni peakorraldaja Enno Eilo s\u00f5nul on maratoni rada suures osas muutunud v\u00f5rreldes varasemaga. \u201eEnne v\u00f5istlust toimus meil Avatud raja s\u00f5it, kus oli \u00fcllatavalt palju osalejaid. Usun, et suuresti muutunud rada ja uued l\u00f5igud tingisid suure huvi maratoniraja testimise vastu. Lisaks on meil muutunud poolmaratoni rada, mis on n\u00fc\u00fcd oluliselt l\u00fchem ja veidi rohkem maastikul. Kuna vihma pole vahepeal v\u00e4ga tulnud ja rada on suhteliselt kuiv ja on oodata v\u00e4ga m\u00f5nusat v\u00f5istlusp\u00e4eva,\u201c lausus Eilo ja julgustas v\u00f5istlusp\u00e4evast osa v\u00f5tma kogu pere, kuna ka sel korral toimuvad lastes\u00f5idud."}