{"id":3156,"date":"2025-06-18T09:22:45","date_gmt":"2025-06-18T09:22:45","guid":{"rendered":"https:\/\/www.welovecycling.com\/dk\/?page_id=3156"},"modified":"2025-06-18T09:23:31","modified_gmt":"2025-06-18T09:23:31","slug":"terms-and-conditions-persona-share","status":"publish","type":"page","link":"https:\/\/www.welovecycling.com\/dk\/tour-de-france-2025\/terms-and-conditions-persona-share\/","title":{"rendered":"Terms and Conditions &#8211; Persona Share"},"content":{"rendered":"<p><b>Disse regler regulerer vilk\u00e5rene for \u201c2025 TDF-konkurrencen\u201d (herefter ben\u00e6vnt \u201cKonkurrencen\u201d) og er det eneste dokument, der fuldst\u00e6ndigt og bindende regulerer reglerne for denne konkurrence.<\/b><\/p>\n<p>&nbsp;<\/p>\n<h4><span style=\"font-weight: 400;\">Konkurrencev\u00e6rt og arrang\u00f8r<\/span><\/h4>\n<p><span style=\"font-weight: 400;\">V\u00e6rten for konkurrencen er <\/span><b>\u0160koda Auto a.s.<\/b><span style=\"font-weight: 400;\">, et aktieselskab med hjemsted p\u00e5 t\u0159. V\u00e1clava Klementa 869, 293 01 Mlad\u00e1 Boleslav, Tjekkiet, CVR-nummer 00177041, registreret i handelsregisteret administreret af byretten i Prag, afdeling B, filnummer 332 (herefter ben\u00e6vnt \u201cV\u00e6rten\u201d).<\/span><\/p>\n<p><span style=\"font-weight: 400;\">Arrang\u00f8ren af konkurrencen, som h\u00e5ndterer de praktiske dele af afviklingen, er <\/span><b>MUSTARD s.r.o.<\/b><span style=\"font-weight: 400;\">, med registreret kontor i Praha 1 \u2013 Nov\u00e9 M\u011bsto, Masarykovo n\u00e1b\u0159. 246, 110 00, Tjekkiet, CVR-nummer 28531418, registreret i handelsregisteret administreret af byretten i Prag, afdeling C, post 148383 (herefter ben\u00e6vnt \u201cArrang\u00f8ren\u201d).<\/span><\/p>\n<p>&nbsp;<\/p>\n<h4><span style=\"font-weight: 400;\">Konkurrenceperiode og -sted<\/span><\/h4>\n<p><b>Konkurrenceperiode<\/b><span style=\"font-weight: 400;\">: fra 00:01 (CET) den 28.06.2025 til 23:59 (CET) den 20.07.2025.<\/span><\/p>\n<p><span style=\"font-weight: 400;\">Konkurrencen afholdes p\u00e5 hjemmesiden <\/span><a href=\"http:\/\/www.welovecycling.com\"><b>www.welovecycling.com<\/b><\/a><span style=\"font-weight: 400;\"> (herefter ben\u00e6vnt \u201cKonkurrencehjemmesiden\u201d), hvor al kommunikation med deltagerne foreg\u00e5r.<\/span><\/p>\n<p>&nbsp;<\/p>\n<h4><span style=\"font-weight: 400;\">Konkurrencedeltagere<\/span><\/h4>\n<p><span style=\"font-weight: 400;\">Konkurrencen er \u00e5ben for enhver person, som er fyldt 18 \u00e5r og har bop\u00e6l i et af de lande, hvor konkurrencen finder sted. Konkurrencen afholdes i f\u00f8lgende lande: ANDORRA, AUSTRALIEN, \u00d8STRIG, BELGIEN, BOSNIEN, BULGARIEN, KROATIEN, TJEKKIET, DANMARK, ESTLAND, FINLAND, FRANKRIG, TYSKLAND, STORBRITANNIEN, GR\u00c6KENLAND, UNGARN, ISLAND, IRLAND, ITALIEN, LETLAND, LIECHTENSTEIN, LITAUEN, LUXEMBOURG, MONTENEGRO, NEDERLANDENE, NORGE, POLEN, PORTUGAL, RUM\u00c6NIEN, SERBIEN, SLOVAKIET, SLOVENIEN, SPANIEN, SVERIGE, SCHWEIZ, UKRAINE.<\/span><\/p>\n<p><span style=\"font-weight: 400;\">For at deltage skal man registrere sig p\u00e5 Konkurrencehjemmesiden i l\u00f8bet af konkurrencens varighed og acceptere disse regler ubetinget. En del af registreringsformularen best\u00e5r i at angive sin e-mailadresse, som kun anvendes til form\u00e5l relateret til denne konkurrence.<\/span><\/p>\n<p><span style=\"font-weight: 400;\">Hver deltager kan kun registrere sig \u00e9n gang og kun med sin egen e-mailadresse. V\u00e6rten forbeholder sig ret til at kontrollere dette med tekniske og organisatoriske midler.<\/span><\/p>\n<p><span style=\"font-weight: 400;\">Personer, der har v\u00e6ret involveret i forberedelsen af konkurrencen \u2013 herunder ansatte eller samarbejdspartnere hos V\u00e6rten eller Arrang\u00f8ren \u2013 m\u00e5 ikke deltage, ej heller personer tilknyttet autoriserede \u0160koda-partnere, bureauer involveret i konkurrencen, deres familiemedlemmer eller n\u00e6re relationer.<\/span><\/p>\n<p>&nbsp;<\/p>\n<h4><span style=\"font-weight: 400;\">Konkurrencemekanisme og udv\u00e6lgelse af vindere<\/span><\/h4>\n<p><span style=\"font-weight: 400;\">For at deltage skal deltagerne dele et AI-genereret billede, som de har skabt p\u00e5 <\/span><b>welovecycling.com<\/b><span style=\"font-weight: 400;\">, p\u00e5 Instagram eller Facebook med hashtagget <\/span><b>#FindYourTour<\/b><span style=\"font-weight: 400;\"> i billedteksten i l\u00f8bet af konkurrencen.<\/span><\/p>\n<p><span style=\"font-weight: 400;\">Vindere udv\u00e6lges blandt dem, der har delt et billede med korrekt hashtag og placerer sig p\u00e5 position 1\/11, 2\/11, 3\/11, 4\/11, 5\/11, 6\/11 og 7\/11 p\u00e5 deltagerlisten. Hvis deltagerantallet ikke er deleligt med 11, rundes antallet ned til n\u00e6rmeste heltal deleligt med 11.<\/span><\/p>\n<p><span style=\"font-weight: 400;\">Vindere kontaktes via direkte besked (DM) p\u00e5 Instagram eller Facebook senest fem dage efter konkurrencens afslutning. Hvis en vinder ikke reagerer \u2013 selv efter gentagne fors\u00f8g \u2013 inden for 12 timer, bortfalder retten til pr\u00e6mien uden erstatning.<\/span><\/p>\n<h4><span style=\"font-weight: 400;\">Pr\u00e6mier<\/span><\/h4>\n<p><span style=\"font-weight: 400;\">7 x <\/span><b>\u201cInsider Tour de France Programme\u201d<\/b><span style=\"font-weight: 400;\"> for to personer i Paris, inkl. overnatning og rejseudgifter d\u00e6kket.<\/span><\/p>\n<h4><span style=\"font-weight: 400;\">Behandling af personoplysninger<\/span><\/h4>\n<p><span style=\"font-weight: 400;\">V\u00e6rten er dataansvarlig if\u00f8lge <\/span><b>EU&#8217;s generelle forordning om databeskyttelse (GDPR)<\/b><span style=\"font-weight: 400;\">.<\/span><\/p>\n<ul>\n<li style=\"font-weight: 400;\" aria-level=\"1\"><b>Form\u00e5l<\/b><span style=\"font-weight: 400;\">: Afholdelse af konkurrencen og sikring af fair afstemning<\/span><\/li>\n<li style=\"font-weight: 400;\" aria-level=\"1\"><b>Retsgrundlag<\/b><span style=\"font-weight: 400;\">: Opfyldelse af kontrakt (deltagelse i konkurrencen)<\/span><\/li>\n<li style=\"font-weight: 400;\" aria-level=\"1\"><b>Kategorier af data<\/b><span style=\"font-weight: 400;\">: Identifikationsoplysninger, kontaktdata, kommunikationsdata<\/span><\/li>\n<li style=\"font-weight: 400;\" aria-level=\"1\"><b>Opbevaringsperiode<\/b><span style=\"font-weight: 400;\">: \u00c9n (1) \u00e5r efter konkurrencens afslutning<\/span><\/li>\n<li style=\"font-weight: 400;\" aria-level=\"1\"><b>Modtagere<\/b><span style=\"font-weight: 400;\">: MUSTARD s.r.o. og offentlige myndigheder efter behov<\/span><\/li>\n<li style=\"font-weight: 400;\" aria-level=\"1\"><b>Overf\u00f8rsel til tredjelande<\/b><span style=\"font-weight: 400;\">: Nej<\/span><\/li>\n<li style=\"font-weight: 400;\" aria-level=\"1\"><b>Automatiseret beslutningstagning<\/b><span style=\"font-weight: 400;\">: Forekommer ikke<\/span><\/li>\n<\/ul>\n<p><b>Dine rettigheder<\/b><span style=\"font-weight: 400;\"> inkluderer:<\/span><\/p>\n<ul>\n<li style=\"font-weight: 400;\" aria-level=\"1\"><span style=\"font-weight: 400;\">Ret til indsigt, berigtigelse, sletning, begr\u00e6nsning, dataportabilitet og indsigelse mod automatiseret beslutningstagning.<\/span><\/li>\n<\/ul>\n<p><b>Kontakt<\/b><span style=\"font-weight: 400;\">:<\/span><\/p>\n<ul>\n<li style=\"font-weight: 400;\" aria-level=\"1\"><span style=\"font-weight: 400;\">\u00a0dpo@skoda-auto.cz<\/span><\/li>\n<li style=\"font-weight: 400;\" aria-level=\"1\"><span style=\"font-weight: 400;\">\u00a0<\/span><a href=\"https:\/\/www.skoda-auto.com\/data-privacy\"><span style=\"font-weight: 400;\">https:\/\/www.skoda-auto.com\/data-privacy<\/span><\/a><\/li>\n<\/ul>\n<p><span style=\"font-weight: 400;\">Klager kan ogs\u00e5 indgives til den relevante datatilsynsmyndighed:<\/span><span style=\"font-weight: 400;\"><br \/>\n<\/span><span style=\"font-weight: 400;\">Pplk. Sochora 27, 170 00 Praha 7, +420 234 665 111, <\/span><a href=\"https:\/\/www.uoou.cz\"><span style=\"font-weight: 400;\">https:\/\/www.uoou.cz<\/span><\/a><\/p>\n<h4><span style=\"font-weight: 400;\">\u00d8vrige vilk\u00e5r<\/span><\/h4>\n<p><span style=\"font-weight: 400;\">V\u00e6rten fasts\u00e6tter specifikationerne for pr\u00e6mierne. Illustrative billeder er kun vejledende. V\u00e6rten er ikke ansvarlig for skader for\u00e5rsaget af brugen af pr\u00e6mien.<\/span><\/p>\n<p><span style=\"font-weight: 400;\">Pr\u00e6mier kan ikke ombyttes til kontanter eller anden form for kompensation. V\u00e6rten har ingen yderligere forpligtelser end dem, der fremg\u00e5r af dette dokument.<\/span><\/p>\n<p><span style=\"font-weight: 400;\">V\u00e6rten p\u00e5tager sig intet ansvar for direkte eller indirekte skader i forbindelse med deltagelse. Resultaterne er endelige og kan ikke appelleres.<\/span><\/p>\n<p><span style=\"font-weight: 400;\">Ved mistanke om snyd eller urimelig adf\u00e6rd kan deltagere udelukkes. V\u00e6rten er ikke ansvarlig for tekniske problemer eller kommunikationsfejl. \u00c6ndringer i konkurrencen eller regler kan ske uden kompensation, men offentligg\u00f8res p\u00e5 Konkurrencehjemmesiden.<\/span><\/p>\n<p><span style=\"font-weight: 400;\">Konkurrencen er ikke sponsoreret, administreret af eller associeret med Meta. Henvendelser skal rettes til V\u00e6rten eller Arrang\u00f8ren, ikke Meta.<\/span><\/p>\n<p><span style=\"font-weight: 400;\">Denne konkurrence er underlagt <\/span><b>tjekkisk lovgivning<\/b><span style=\"font-weight: 400;\">.<\/span><\/p>\n<p>&nbsp;<\/p>\n","protected":false},"excerpt":{"rendered":"<p>Disse regler regulerer vilk\u00e5rene for \u201c2025 TDF-konkurrencen\u201d (herefter ben\u00e6vnt \u201cKonkurrencen\u201d) og er det eneste dokument, der fuldst\u00e6ndigt og bindende regulerer [&hellip;]<\/p>\n","protected":false},"author":27,"featured_media":0,"parent":3151,"menu_order":0,"comment_status":"closed","ping_status":"closed","template":"templates\/template-empty-page.php","meta":{"footnotes":""},"tags":[],"class_list":["post-3156","page","type-page","status-publish","hentry"],"yoast_head":"<!-- This site is optimized with the Yoast SEO Premium plugin v25.3 (Yoast SEO v25.9) - https:\/\/yoast.com\/wordpress\/plugins\/seo\/ -->\n<title>Terms and Conditions - Persona Share - \u0160koda We Love Cycling - Danmark<\/title>\n<meta name=\"robots\" content=\"index, follow, max-snippet:-1, max-image-preview:large, max-video-preview:-1\" \/>\n<link rel=\"canonical\" href=\"https:\/\/www.welovecycling.com\/dk\/tour-de-france-2025\/terms-and-conditions-persona-share\/\" \/>\n<meta property=\"og:locale\" content=\"da_DK\" \/>\n<meta property=\"og:type\" content=\"article\" \/>\n<meta property=\"og:title\" content=\"Terms and Conditions - Persona Share\" \/>\n<meta property=\"og:description\" content=\"Disse regler regulerer vilk\u00e5rene for \u201c2025 TDF-konkurrencen\u201d (herefter ben\u00e6vnt \u201cKonkurrencen\u201d) og er det eneste dokument, der fuldst\u00e6ndigt og bindende regulerer [&hellip;]\" \/>\n<meta property=\"og:url\" content=\"https:\/\/www.welovecycling.com\/dk\/tour-de-france-2025\/terms-and-conditions-persona-share\/\" \/>\n<meta property=\"og:site_name\" content=\"\u0160koda We Love Cycling - Danmark\" \/>\n<meta property=\"article:modified_time\" content=\"2025-06-18T09:23:31+00:00\" \/>\n<meta name=\"twitter:card\" content=\"summary_large_image\" \/>\n<meta name=\"twitter:label1\" content=\"Est. reading time\" \/>\n\t<meta name=\"twitter:data1\" content=\"3 minutes\" \/>\n<script type=\"application\/ld+json\" class=\"yoast-schema-graph\">{\"@context\":\"https:\/\/schema.org\",\"@graph\":[{\"@type\":\"WebPage\",\"@id\":\"https:\/\/www.welovecycling.com\/dk\/tour-de-france-2025\/terms-and-conditions-persona-share\/\",\"url\":\"https:\/\/www.welovecycling.com\/dk\/tour-de-france-2025\/terms-and-conditions-persona-share\/\",\"name\":\"Terms and Conditions - Persona Share - \u0160koda We Love Cycling - Danmark\",\"isPartOf\":{\"@id\":\"https:\/\/www.welovecycling.com\/dk\/#website\"},\"datePublished\":\"2025-06-18T09:22:45+00:00\",\"dateModified\":\"2025-06-18T09:23:31+00:00\",\"breadcrumb\":{\"@id\":\"https:\/\/www.welovecycling.com\/dk\/tour-de-france-2025\/terms-and-conditions-persona-share\/#breadcrumb\"},\"inLanguage\":\"da-DK\",\"potentialAction\":[{\"@type\":\"ReadAction\",\"target\":[\"https:\/\/www.welovecycling.com\/dk\/tour-de-france-2025\/terms-and-conditions-persona-share\/\"]}]},{\"@type\":\"BreadcrumbList\",\"@id\":\"https:\/\/www.welovecycling.com\/dk\/tour-de-france-2025\/terms-and-conditions-persona-share\/#breadcrumb\",\"itemListElement\":[{\"@type\":\"ListItem\",\"position\":1,\"name\":\"Home\",\"item\":\"https:\/\/www.welovecycling.com\/dk\/\"},{\"@type\":\"ListItem\",\"position\":2,\"name\":\"Tour de France 2025\",\"item\":\"https:\/\/www.welovecycling.com\/dk\/tour-de-france-2025\/\"},{\"@type\":\"ListItem\",\"position\":3,\"name\":\"Terms and Conditions &#8211; Persona Share\"}]},{\"@type\":\"WebSite\",\"@id\":\"https:\/\/www.welovecycling.com\/dk\/#website\",\"url\":\"https:\/\/www.welovecycling.com\/dk\/\",\"name\":\"\u0160koda We Love Cycling - Danmark\",\"description\":\"\u0160koda We Love Cycling - Danmark - Nyt online cykel magasin\",\"potentialAction\":[{\"@type\":\"SearchAction\",\"target\":{\"@type\":\"EntryPoint\",\"urlTemplate\":\"https:\/\/www.welovecycling.com\/dk\/?s={search_term_string}\"},\"query-input\":{\"@type\":\"PropertyValueSpecification\",\"valueRequired\":true,\"valueName\":\"search_term_string\"}}],\"inLanguage\":\"da-DK\"}]}<\/script>\n<!-- \/ Yoast SEO Premium plugin. -->","yoast_head_json":{"title":"Terms and Conditions - Persona Share - \u0160koda We Love Cycling - Danmark","robots":{"index":"index","follow":"follow","max-snippet":"max-snippet:-1","max-image-preview":"max-image-preview:large","max-video-preview":"max-video-preview:-1"},"canonical":"https:\/\/www.welovecycling.com\/dk\/tour-de-france-2025\/terms-and-conditions-persona-share\/","og_locale":"da_DK","og_type":"article","og_title":"Terms and Conditions - Persona Share","og_description":"Disse regler regulerer vilk\u00e5rene for \u201c2025 TDF-konkurrencen\u201d (herefter ben\u00e6vnt \u201cKonkurrencen\u201d) og er det eneste dokument, der fuldst\u00e6ndigt og bindende regulerer [&hellip;]","og_url":"https:\/\/www.welovecycling.com\/dk\/tour-de-france-2025\/terms-and-conditions-persona-share\/","og_site_name":"\u0160koda We Love Cycling - Danmark","article_modified_time":"2025-06-18T09:23:31+00:00","twitter_card":"summary_large_image","twitter_misc":{"Est. reading time":"3 minutes"},"schema":{"@context":"https:\/\/schema.org","@graph":[{"@type":"WebPage","@id":"https:\/\/www.welovecycling.com\/dk\/tour-de-france-2025\/terms-and-conditions-persona-share\/","url":"https:\/\/www.welovecycling.com\/dk\/tour-de-france-2025\/terms-and-conditions-persona-share\/","name":"Terms and Conditions - Persona Share - \u0160koda We Love Cycling - Danmark","isPartOf":{"@id":"https:\/\/www.welovecycling.com\/dk\/#website"},"datePublished":"2025-06-18T09:22:45+00:00","dateModified":"2025-06-18T09:23:31+00:00","breadcrumb":{"@id":"https:\/\/www.welovecycling.com\/dk\/tour-de-france-2025\/terms-and-conditions-persona-share\/#breadcrumb"},"inLanguage":"da-DK","potentialAction":[{"@type":"ReadAction","target":["https:\/\/www.welovecycling.com\/dk\/tour-de-france-2025\/terms-and-conditions-persona-share\/"]}]},{"@type":"BreadcrumbList","@id":"https:\/\/www.welovecycling.com\/dk\/tour-de-france-2025\/terms-and-conditions-persona-share\/#breadcrumb","itemListElement":[{"@type":"ListItem","position":1,"name":"Home","item":"https:\/\/www.welovecycling.com\/dk\/"},{"@type":"ListItem","position":2,"name":"Tour de France 2025","item":"https:\/\/www.welovecycling.com\/dk\/tour-de-france-2025\/"},{"@type":"ListItem","position":3,"name":"Terms and Conditions &#8211; Persona Share"}]},{"@type":"WebSite","@id":"https:\/\/www.welovecycling.com\/dk\/#website","url":"https:\/\/www.welovecycling.com\/dk\/","name":"\u0160koda We Love Cycling - Danmark","description":"\u0160koda We Love Cycling - Danmark - Nyt online cykel magasin","potentialAction":[{"@type":"SearchAction","target":{"@type":"EntryPoint","urlTemplate":"https:\/\/www.welovecycling.com\/dk\/?s={search_term_string}"},"query-input":{"@type":"PropertyValueSpecification","valueRequired":true,"valueName":"search_term_string"}}],"inLanguage":"da-DK"}]}},"_links":{"self":[{"href":"https:\/\/www.welovecycling.com\/dk\/wp-json\/wp\/v2\/pages\/3156","targetHints":{"allow":["GET"]}}],"collection":[{"href":"https:\/\/www.welovecycling.com\/dk\/wp-json\/wp\/v2\/pages"}],"about":[{"href":"https:\/\/www.welovecycling.com\/dk\/wp-json\/wp\/v2\/types\/page"}],"author":[{"embeddable":true,"href":"https:\/\/www.welovecycling.com\/dk\/wp-json\/wp\/v2\/users\/27"}],"replies":[{"embeddable":true,"href":"https:\/\/www.welovecycling.com\/dk\/wp-json\/wp\/v2\/comments?post=3156"}],"version-history":[{"count":2,"href":"https:\/\/www.welovecycling.com\/dk\/wp-json\/wp\/v2\/pages\/3156\/revisions"}],"predecessor-version":[{"id":3158,"href":"https:\/\/www.welovecycling.com\/dk\/wp-json\/wp\/v2\/pages\/3156\/revisions\/3158"}],"up":[{"embeddable":true,"href":"https:\/\/www.welovecycling.com\/dk\/wp-json\/wp\/v2\/pages\/3151"}],"wp:attachment":[{"href":"https:\/\/www.welovecycling.com\/dk\/wp-json\/wp\/v2\/media?parent=3156"}],"wp:term":[{"taxonomy":"post_tag","embeddable":true,"href":"https:\/\/www.welovecycling.com\/dk\/wp-json\/wp\/v2\/tags?post=3156"}],"curies":[{"name":"wp","href":"https:\/\/api.w.org\/{rel}","templated":true}]}}