{"id":7083,"date":"2018-05-24T07:26:40","date_gmt":"2018-05-24T06:26:40","guid":{"rendered":"https:\/\/www.welovecycling.com\/de\/?page_id=7083"},"modified":"2020-05-20T09:47:39","modified_gmt":"2020-05-20T08:47:39","slug":"memorandum","status":"publish","type":"page","link":"https:\/\/www.welovecycling.com\/de\/docs\/memorandum\/","title":{"rendered":"Informationen zur Verarbeitung personenbezogener Daten"},"content":{"rendered":"<div id=\"pl-7083\"  class=\"panel-layout\" ><div id=\"pg-7083-0\"  class=\"panel-grid panel-no-style\" ><div id=\"pgc-7083-0-0\"  class=\"panel-grid-cell\" ><div id=\"panel-7083-0-0-0\" class=\"so-panel widget widget_sow-editor panel-first-child panel-last-child\" data-index=\"0\" ><div\n\t\t\t\n\t\t\tclass=\"so-widget-sow-editor so-widget-sow-editor-base\"\n\t\t\t\n\t\t>\n<div class=\"siteorigin-widget-tinymce textwidget\">\n\t<h2>Zustimmung zur Verarbeitung personenbezogener Daten<\/h2>\n<p>Hiermit gebe ich \u0160koda AUTO a.s., t\u0159. V\u00e1clava Klementa 869, Mlad\u00e1 Boleslav II, 293 01, Mlad\u00e1 Boleslav, Identifikationsnummer: 00177041, eingetragen im Handelsregister des Stadtgerichtes Prag unter Abschnitt B Nr. 332, Inhaber der Datenverarbeitung personenbezogener Daten (im Folgenden: als \"Firma \u0160koda AUTO\"),<\/p>\n<p><strong>freie und freiwillige Zustimmung zur Verarbeitung personenbezogener Daten in folgendem Umfang:<\/strong> Name, Nachname, Email Adresse, Geburtsdatum, und ggf. weitere Informationen, die \u0160koda AUTO von mir erwirbt und zur besseren Nutzung verwendet, wenn Marketing-Aktivit\u00e4ten auf meine Bed\u00fcrfnisse ausgerichtet werden,<\/p>\n<p><strong>zum Zwecke der: <\/strong>Adressierung mit dem Angebot von Produkten und Dienstleistungen der Marke \u0160koda zu, einschlie\u00dflich der Bereitstellung von Informationen \u00fcber Produkte, Dienstleistungen, Veranstaltungen, Wettbewerbe, Versand von Newslettern und festlichen Gr\u00fc\u00dfen.<\/p>\n<p><strong>Die Zustimmung ist f\u00fcr einen Zeitraum von f\u00fcnf Jahren gegeben.<\/strong><\/p>\n<p>Ich erkenne an, dass ich das Recht habe, mein Einverst\u00e4ndnis jederzeit elektronisch auf der Website <a href=\"http:\/\/www.skoda-auto.com\/other\/personal-data\" target=\"_blank\" rel=\"noopener\">http:\/\/www.skoda-auto.com\/other\/personal-data<\/a> oder in schriftlicher Form, gerichtet an die Adresse der Firma \u0160koda AUTO, zu widerrufen. Ich habe das Recht meine Zustimmung jederzeit zu widerrufe, auch vor Ablauf des Zeitraums, \u00fcber welchen Zustimmung erteilt wurde. Die Zur\u00fccknahme der Einwilligung hat keinen Einfluss auf die Rechtsm\u00e4\u00dfigkeit der Verarbeitung personenbezogener Daten basierend auf der Einwilligung vor deren Widerruf.<\/p>\n<p>Weitere Informationen in Bezug auf die Verarbeitung personenbezogener Daten sind in dem unten aufgef\u00fchrten Anhang enthalten, der ein wesentlicher Bestandteil dieser Zustimmung ist. Allgemeine Informationen zum Datenschutz sind auch auf der Website <a href=\"http:\/\/www.skoda-auto.com\/other\/personal-data\" target=\"_blank\" rel=\"noopener\">http:\/\/www.skoda-auto.com\/other\/personal-data<\/a> verf\u00fcgbar.<\/p>\n<\/div>\n<\/div><\/div><\/div><\/div><div id=\"pg-7083-1\"  class=\"panel-grid panel-no-style\" ><div id=\"pgc-7083-1-0\"  class=\"panel-grid-cell\" ><div id=\"panel-7083-1-0-0\" class=\"so-panel widget widget_sow-editor panel-first-child\" data-index=\"1\" ><div\n\t\t\t\n\t\t\tclass=\"so-widget-sow-editor so-widget-sow-editor-base\"\n\t\t\t\n\t\t>\n<div class=\"siteorigin-widget-tinymce textwidget\">\n\t<h2><img loading=\"lazy\" decoding=\"async\" class=\"size-full wp-image-164811\" style=\"display: inline-block;\" src=\"https:\/\/d2p6e6u75xmxt8.cloudfront.net\/2\/2018\/05\/notepad.jpg\" alt=\"\" width=\"44\" height=\"38\" \/> Informationen zur Verarbeitung personenbezogener Daten<\/h2>\n<p>Mit diesem Dokument informieren wir, als Verantwortlicher der gespeicherten pers\u00f6nlichen Daten - Firma \u0160koda AUTO a.s., t\u0159. V\u00e1clava Klementa 869, Mlad\u00e1 Boleslav II, 293 10, Mlad\u00e1 Boleslav, Identifikationsnummer: 00177041, eingetragen im Handelsregister des Stadtgerichtes Prag unter Abschnitt B Nr. 332 (im folgenden \"Firma \u0160koda AUTO\" genannt) - Sie \u00fcber die Verarbeitung personenbezogener Daten und Ihre Rechte in Bezug auf diese Verarbeitung.<\/p>\n<p>Die Verarbeitung personenbezogener Daten umfasst folgende Aktivit\u00e4ten: <\/p>\n<p><strong>Durchf\u00fchrung von Marketing Aktivit\u00e4ten<\/strong><\/p>\n<\/div>\n<\/div><\/div><div id=\"panel-7083-1-0-1\" class=\"so-panel widget widget_sow-editor panel-last-child\" data-index=\"2\" ><div\n\t\t\t\n\t\t\tclass=\"so-widget-sow-editor so-widget-sow-editor-base\"\n\t\t\t\n\t\t>\n<div class=\"siteorigin-widget-tinymce textwidget\">\n\t<h3><strong>Zweck der Verarbeitung:<\/strong><\/h3>\n<p>Adressierung mit dem Angebot von Produkten und Dienstleistungen der Marke \u0160koda zu, einschlie\u00dflich der Bereitstellung von Informationen \u00fcber Produkte, Dienstleistungen, Veranstaltungen, Wettbewerbe, Versand von Newslettern und festlichen Gr\u00fc\u00dfen.<\/p>\n<h3><strong>Beschreibung des Zwecks der Verarbeitung:<\/strong><\/h3>\n<p>Ihre pers\u00f6nlichen Daten werden verwendet, um Sie \u00fcber die Produkte und Dienstleistungen von \u0160koda AUTO, Veranstaltungen, Wettbewerbe, Abonnements f\u00fcr Nachrichten, Anzeigen, Kataloge oder festliche Gr\u00fc\u00dfe zu informieren. Wir k\u00f6nnen auch einige Ihrer pers\u00f6nlichen Daten f\u00fcr die Ausrichtung der oben genannten Mitteilungen verwenden.<\/p>\n<h3><strong>Rechtsgrundlage der Verarbeitung:<\/strong><\/h3>\n<p>Wir sind berechtigt, Ihre personenbezogenen Daten auf der Grundlage der von Ihnen erteilten Zustimmung zu verarbeiten. Wenn Sie uns Ihre Zustimmung nicht gegeben haben, werden wir Ihre pers\u00f6nlichen Daten nicht verarbeiten.<\/p>\n<h3><strong>Kategorien der Daten, die wir verarbeiten:<\/strong><\/h3>\n<p>Identifikationsdaten, Kontaktdaten, beschreibende Daten, Gesch\u00e4ftsprofile, technische Informationen \u00fcber das Produkt, Handelshistorie, Informationen \u00fcber Familie und andere Personen, Kommunikation, Interaktion und auf diesen Daten basierende Profile, Netzwerkkennungen.<\/p>\n<h3><strong>Bearbeitungs- und Archivierungszeitraum:<\/strong><\/h3>\n<p>5 Jahre nach Erteilung der Einwilligung zur Verarbeitung personenbezogener Daten.<\/p>\n<h3><strong>Andere Empf\u00e4nger, denen wir die personenbezogenen Daten zur Verf\u00fcgung stellen k\u00f6nnten:<\/strong><\/h3>\n<p>Marketing-Agenturen, Event-Agenturen, Media-Agenturen, Mitglieder des Vertriebsnetzes, Server-Betreiber, G\u00e4ste-Management-Agenturen, Info-Hotline.<\/p>\n<p>Auf Nachfrage k\u00f6nnen Ihre pers\u00f6nlichen Daten den Beh\u00f6rden, insbesondere den Gerichten, der Polizei der Tschechischen Republik und anderen Strafverfolgungsbeh\u00f6rden im erforderlichen Umfang und im Rahmen der gesetzlichen Vorschriften zur Verf\u00fcgung gestellt werden.<\/p>\n<h3><strong>Quelle der pers\u00f6nlichen Daten:<\/strong><\/h3>\n<p>Wir erhalten die pers\u00f6nlichen Daten direkt von Ihnen.<\/p>\n<h3><strong>\u00dcbermittlung personenbezogener Daten an Drittstaaten oder supranationale Organisationen:<\/strong><\/h3>\n<p>Im Rahmen der Verarbeitung k\u00f6nnen Ihre pers\u00f6nlichen Daten an Empf\u00e4nger in Drittl\u00e4ndern, z.B. den Vereinigten Staaten von Amerika, \u00fcbermittelt werden. In diesem Fall kann diese \u00dcbertragung entweder auf der Grundlage eines Angemessenheitsbeschlusses der Europ\u00e4ischen Kommission, z.B. Organisationen, die am Privacy-Shield-Programm teilnehmen, oder auf der Grundlage von Standardvertragsklauseln, z.B. des Mustervertrags der Europ\u00e4ischen Kommission, erfolgen, ohne dass in seinem Wortlaut \u00c4nderungen vorgenommen werden, wie dies in der geltenden Rechtsvorschrift zum Schutz personenbezogener Daten vorgesehen ist. Sie k\u00f6nnen die neuesten Informationen unter <a href=\"http:\/\/www.skoda-auto.com\/other\/privacy-policy-de\" target=\"_blank\" rel=\"noopener\">www.skoda-auto.com\/other\/privacy-policy-de<\/a> finden.<\/p>\n<h3><strong>Automatisierte Entscheidungsfindung basierend auf den pers\u00f6nlichen Daten:<\/strong><\/h3>\n<p>W\u00e4hrend der personenbezogenen Datenverarbeitung findet keine automatisierte Entscheidungsfindung auf der Grundlage der personenbezogenen Daten statt.<\/p>\n<h3><strong>Andere Informationen<\/strong><\/h3>\n<p>Personenbezogene Daten k\u00f6nnen im \u00f6ffentlichen Interesse archiviert und f\u00fcr wissenschaftliche, historische oder statistische Forschungszwecke verwendet werden. In begr\u00fcndeten F\u00e4llen k\u00f6nnen die personenbezogenen Daten auch Gegenstand der Rechtsverfolgung sein, einschlie\u00dflich der Erf\u00fcllung von Verpflichtungen gegen\u00fcber den \u00f6ffentlichen Verwaltungsorganen und der \u00dcberwachung und laufenden Evaluierung von Rechtsrisiken.<\/p>\n<\/div>\n<\/div><\/div><\/div><\/div><div id=\"pg-7083-2\"  class=\"panel-grid panel-no-style\" ><div id=\"pgc-7083-2-0\"  class=\"panel-grid-cell\" ><div id=\"panel-7083-2-0-0\" class=\"so-panel widget widget_sow-editor panel-first-child panel-last-child\" data-index=\"3\" ><div\n\t\t\t\n\t\t\tclass=\"so-widget-sow-editor so-widget-sow-editor-base\"\n\t\t\t\n\t\t>\n<div class=\"siteorigin-widget-tinymce textwidget\">\n\t<p><a href=\"https:\/\/www.welovecycling.com\/de\/docs\/rechte\/\">Was sind Ihre Rechte?<\/a><\/p>\n<\/div>\n<\/div><\/div><\/div><\/div><\/div>","protected":false},"excerpt":{"rendered":"<p>Zustimmung zur Verarbeitung personenbezogener Daten Hiermit gebe ich \u0160koda AUTO a.s., t\u0159. V\u00e1clava Klementa 869, Mlad\u00e1 Boleslav II, 293 01, [&hellip;]<\/p>\n","protected":false},"author":1,"featured_media":0,"parent":7079,"menu_order":0,"comment_status":"closed","ping_status":"closed","template":"templates\/template-empty-page-headline.php","meta":{"footnotes":""},"tags":[],"class_list":["post-7083","page","type-page","status-publish","hentry"],"yoast_head":"<!-- This site is optimized with the Yoast SEO Premium plugin v25.3 (Yoast SEO v25.9) - https:\/\/yoast.com\/wordpress\/plugins\/seo\/ -->\n<title>Informationen zur Verarbeitung personenbezogener Daten - \u0160koda We Love Cycling - Deutschland<\/title>\n<meta name=\"robots\" content=\"index, follow, max-snippet:-1, max-image-preview:large, max-video-preview:-1\" \/>\n<link rel=\"canonical\" href=\"https:\/\/www.welovecycling.com\/de\/docs\/memorandum\/\" \/>\n<meta property=\"og:locale\" content=\"de_DE\" \/>\n<meta property=\"og:type\" content=\"article\" \/>\n<meta property=\"og:title\" content=\"Informationen zur Verarbeitung personenbezogener Daten\" \/>\n<meta property=\"og:description\" content=\"Zustimmung zur Verarbeitung personenbezogener Daten Hiermit gebe ich \u0160koda AUTO a.s., t\u0159. V\u00e1clava Klementa 869, Mlad\u00e1 Boleslav II, 293 01, [&hellip;]\" \/>\n<meta property=\"og:url\" content=\"https:\/\/www.welovecycling.com\/de\/docs\/memorandum\/\" \/>\n<meta property=\"og:site_name\" content=\"\u0160koda We Love Cycling - Deutschland\" \/>\n<meta property=\"article:modified_time\" content=\"2020-05-20T08:47:39+00:00\" \/>\n<meta property=\"og:image\" content=\"https:\/\/d2p6e6u75xmxt8.cloudfront.net\/2\/2018\/05\/notepad.jpg\" \/>\n<meta name=\"twitter:card\" content=\"summary_large_image\" \/>\n<meta name=\"twitter:label1\" content=\"Est. reading time\" \/>\n\t<meta name=\"twitter:data1\" content=\"4 minutes\" \/>\n<script type=\"application\/ld+json\" class=\"yoast-schema-graph\">{\"@context\":\"https:\/\/schema.org\",\"@graph\":[{\"@type\":\"WebPage\",\"@id\":\"https:\/\/www.welovecycling.com\/de\/docs\/memorandum\/\",\"url\":\"https:\/\/www.welovecycling.com\/de\/docs\/memorandum\/\",\"name\":\"Informationen zur Verarbeitung personenbezogener Daten - \u0160koda We Love Cycling - Deutschland\",\"isPartOf\":{\"@id\":\"https:\/\/www.welovecycling.com\/de\/#website\"},\"primaryImageOfPage\":{\"@id\":\"https:\/\/www.welovecycling.com\/de\/docs\/memorandum\/#primaryimage\"},\"image\":{\"@id\":\"https:\/\/www.welovecycling.com\/de\/docs\/memorandum\/#primaryimage\"},\"thumbnailUrl\":\"https:\/\/d2p6e6u75xmxt8.cloudfront.net\/2\/2018\/05\/notepad.jpg\",\"datePublished\":\"2018-05-24T06:26:40+00:00\",\"dateModified\":\"2020-05-20T08:47:39+00:00\",\"breadcrumb\":{\"@id\":\"https:\/\/www.welovecycling.com\/de\/docs\/memorandum\/#breadcrumb\"},\"inLanguage\":\"de-DE\",\"potentialAction\":[{\"@type\":\"ReadAction\",\"target\":[\"https:\/\/www.welovecycling.com\/de\/docs\/memorandum\/\"]}]},{\"@type\":\"ImageObject\",\"inLanguage\":\"de-DE\",\"@id\":\"https:\/\/www.welovecycling.com\/de\/docs\/memorandum\/#primaryimage\",\"url\":\"https:\/\/d2p6e6u75xmxt8.cloudfront.net\/2\/2018\/05\/notepad.jpg\",\"contentUrl\":\"https:\/\/d2p6e6u75xmxt8.cloudfront.net\/2\/2018\/05\/notepad.jpg\"},{\"@type\":\"BreadcrumbList\",\"@id\":\"https:\/\/www.welovecycling.com\/de\/docs\/memorandum\/#breadcrumb\",\"itemListElement\":[{\"@type\":\"ListItem\",\"position\":1,\"name\":\"Home\",\"item\":\"https:\/\/www.welovecycling.com\/de\/\"},{\"@type\":\"ListItem\",\"position\":2,\"name\":\"Documents\",\"item\":\"https:\/\/www.welovecycling.com\/de\/docs\/\"},{\"@type\":\"ListItem\",\"position\":3,\"name\":\"Informationen zur Verarbeitung personenbezogener Daten\"}]},{\"@type\":\"WebSite\",\"@id\":\"https:\/\/www.welovecycling.com\/de\/#website\",\"url\":\"https:\/\/www.welovecycling.com\/de\/\",\"name\":\"\u0160koda We Love Cycling - Deutschland\",\"description\":\"Just another \u0160koda WeLoveCycling Sites site\",\"potentialAction\":[{\"@type\":\"SearchAction\",\"target\":{\"@type\":\"EntryPoint\",\"urlTemplate\":\"https:\/\/www.welovecycling.com\/de\/?s={search_term_string}\"},\"query-input\":{\"@type\":\"PropertyValueSpecification\",\"valueRequired\":true,\"valueName\":\"search_term_string\"}}],\"inLanguage\":\"de-DE\"}]}<\/script>\n<!-- \/ Yoast SEO Premium plugin. -->","yoast_head_json":{"title":"Informationen zur Verarbeitung personenbezogener Daten - \u0160koda We Love Cycling - Deutschland","robots":{"index":"index","follow":"follow","max-snippet":"max-snippet:-1","max-image-preview":"max-image-preview:large","max-video-preview":"max-video-preview:-1"},"canonical":"https:\/\/www.welovecycling.com\/de\/docs\/memorandum\/","og_locale":"de_DE","og_type":"article","og_title":"Informationen zur Verarbeitung personenbezogener Daten","og_description":"Zustimmung zur Verarbeitung personenbezogener Daten Hiermit gebe ich \u0160koda AUTO a.s., t\u0159. V\u00e1clava Klementa 869, Mlad\u00e1 Boleslav II, 293 01, [&hellip;]","og_url":"https:\/\/www.welovecycling.com\/de\/docs\/memorandum\/","og_site_name":"\u0160koda We Love Cycling - Deutschland","article_modified_time":"2020-05-20T08:47:39+00:00","og_image":[{"url":"https:\/\/d2p6e6u75xmxt8.cloudfront.net\/2\/2018\/05\/notepad.jpg","type":"","width":"","height":""}],"twitter_card":"summary_large_image","twitter_misc":{"Est. reading time":"4 minutes"},"schema":{"@context":"https:\/\/schema.org","@graph":[{"@type":"WebPage","@id":"https:\/\/www.welovecycling.com\/de\/docs\/memorandum\/","url":"https:\/\/www.welovecycling.com\/de\/docs\/memorandum\/","name":"Informationen zur Verarbeitung personenbezogener Daten - \u0160koda We Love Cycling - Deutschland","isPartOf":{"@id":"https:\/\/www.welovecycling.com\/de\/#website"},"primaryImageOfPage":{"@id":"https:\/\/www.welovecycling.com\/de\/docs\/memorandum\/#primaryimage"},"image":{"@id":"https:\/\/www.welovecycling.com\/de\/docs\/memorandum\/#primaryimage"},"thumbnailUrl":"https:\/\/d2p6e6u75xmxt8.cloudfront.net\/2\/2018\/05\/notepad.jpg","datePublished":"2018-05-24T06:26:40+00:00","dateModified":"2020-05-20T08:47:39+00:00","breadcrumb":{"@id":"https:\/\/www.welovecycling.com\/de\/docs\/memorandum\/#breadcrumb"},"inLanguage":"de-DE","potentialAction":[{"@type":"ReadAction","target":["https:\/\/www.welovecycling.com\/de\/docs\/memorandum\/"]}]},{"@type":"ImageObject","inLanguage":"de-DE","@id":"https:\/\/www.welovecycling.com\/de\/docs\/memorandum\/#primaryimage","url":"https:\/\/d2p6e6u75xmxt8.cloudfront.net\/2\/2018\/05\/notepad.jpg","contentUrl":"https:\/\/d2p6e6u75xmxt8.cloudfront.net\/2\/2018\/05\/notepad.jpg"},{"@type":"BreadcrumbList","@id":"https:\/\/www.welovecycling.com\/de\/docs\/memorandum\/#breadcrumb","itemListElement":[{"@type":"ListItem","position":1,"name":"Home","item":"https:\/\/www.welovecycling.com\/de\/"},{"@type":"ListItem","position":2,"name":"Documents","item":"https:\/\/www.welovecycling.com\/de\/docs\/"},{"@type":"ListItem","position":3,"name":"Informationen zur Verarbeitung personenbezogener Daten"}]},{"@type":"WebSite","@id":"https:\/\/www.welovecycling.com\/de\/#website","url":"https:\/\/www.welovecycling.com\/de\/","name":"\u0160koda We Love Cycling - Deutschland","description":"Just another \u0160koda WeLoveCycling Sites site","potentialAction":[{"@type":"SearchAction","target":{"@type":"EntryPoint","urlTemplate":"https:\/\/www.welovecycling.com\/de\/?s={search_term_string}"},"query-input":{"@type":"PropertyValueSpecification","valueRequired":true,"valueName":"search_term_string"}}],"inLanguage":"de-DE"}]}},"_links":{"self":[{"href":"https:\/\/www.welovecycling.com\/de\/wp-json\/wp\/v2\/pages\/7083","targetHints":{"allow":["GET"]}}],"collection":[{"href":"https:\/\/www.welovecycling.com\/de\/wp-json\/wp\/v2\/pages"}],"about":[{"href":"https:\/\/www.welovecycling.com\/de\/wp-json\/wp\/v2\/types\/page"}],"author":[{"embeddable":true,"href":"https:\/\/www.welovecycling.com\/de\/wp-json\/wp\/v2\/users\/1"}],"replies":[{"embeddable":true,"href":"https:\/\/www.welovecycling.com\/de\/wp-json\/wp\/v2\/comments?post=7083"}],"version-history":[{"count":2,"href":"https:\/\/www.welovecycling.com\/de\/wp-json\/wp\/v2\/pages\/7083\/revisions"}],"predecessor-version":[{"id":8245,"href":"https:\/\/www.welovecycling.com\/de\/wp-json\/wp\/v2\/pages\/7083\/revisions\/8245"}],"up":[{"embeddable":true,"href":"https:\/\/www.welovecycling.com\/de\/wp-json\/wp\/v2\/pages\/7079"}],"wp:attachment":[{"href":"https:\/\/www.welovecycling.com\/de\/wp-json\/wp\/v2\/media?parent=7083"}],"wp:term":[{"taxonomy":"post_tag","embeddable":true,"href":"https:\/\/www.welovecycling.com\/de\/wp-json\/wp\/v2\/tags?post=7083"}],"curies":[{"name":"wp","href":"https:\/\/api.w.org\/{rel}","templated":true}]}}