{"version":"1.0","provider_name":"\u0160koda We Love Cycling - \u010cesk\u00e1 republika","provider_url":"https:\/\/www.welovecycling.com\/cs","author_name":"radekmalina","author_url":"https:\/\/www.welovecycling.com\/cs\/author\/radekmalina\/","title":"Nov\u00fd Poga\u010dar? Jeden rekord u\u017e Omrzel krajanovi sebral","type":"rich","width":600,"height":338,"html":"<blockquote class=\"wp-embedded-content\" data-secret=\"mOUyKdqIvt\"><a href=\"https:\/\/www.welovecycling.com\/cs\/2026\/09\/04\/novy-pogacar-jeden-rekord-uz-omrzel-krajanovi-sebral\/\">Nov\u00fd Poga\u010dar? Jeden rekord u\u017e Omrzel krajanovi sebral<\/a><\/blockquote><iframe sandbox=\"allow-scripts\" security=\"restricted\" src=\"https:\/\/www.welovecycling.com\/cs\/2026\/09\/04\/novy-pogacar-jeden-rekord-uz-omrzel-krajanovi-sebral\/embed\/#?secret=mOUyKdqIvt\" width=\"600\" height=\"338\" title=\"&#8222;Nov\u00fd Poga\u010dar? Jeden rekord u\u017e Omrzel krajanovi sebral&#8220; &#8212; \u0160koda We Love Cycling - \u010cesk\u00e1 republika\" data-secret=\"mOUyKdqIvt\" frameborder=\"0\" marginwidth=\"0\" marginheight=\"0\" scrolling=\"no\" class=\"wp-embedded-content\"><\/iframe><script type=\"text\/javascript\">\n\/* <![CDATA[ *\/\n\/*! This file is auto-generated *\/\n!function(d,l){\"use strict\";l.querySelector&&d.addEventListener&&\"undefined\"!=typeof URL&&(d.wp=d.wp||{},d.wp.receiveEmbedMessage||(d.wp.receiveEmbedMessage=function(e){var t=e.data;if((t||t.secret||t.message||t.value)&&!\/[^a-zA-Z0-9]\/.test(t.secret)){for(var s,r,n,a=l.querySelectorAll('iframe[data-secret=\"'+t.secret+'\"]'),o=l.querySelectorAll('blockquote[data-secret=\"'+t.secret+'\"]'),c=new RegExp(\"^https?:$\",\"i\"),i=0;i<o.length;i++)o[i].style.display=\"none\";for(i=0;i<a.length;i++)s=a[i],e.source===s.contentWindow&&(s.removeAttribute(\"style\"),\"height\"===t.message?(1e3<(r=parseInt(t.value,10))?r=1e3:~~r<200&&(r=200),s.height=r):\"link\"===t.message&&(r=new URL(s.getAttribute(\"src\")),n=new URL(t.value),c.test(n.protocol))&&n.host===r.host&&l.activeElement===s&&(d.top.location.href=t.value))}},d.addEventListener(\"message\",d.wp.receiveEmbedMessage,!1),l.addEventListener(\"DOMContentLoaded\",function(){for(var e,t,s=l.querySelectorAll(\"iframe.wp-embedded-content\"),r=0;r<s.length;r++)(t=(e=s[r]).getAttribute(\"data-secret\"))||(t=Math.random().toString(36).substring(2,12),e.src+=\"#?secret=\"+t,e.setAttribute(\"data-secret\",t)),e.contentWindow.postMessage({message:\"ready\",secret:t},\"*\")},!1)))}(window,document);\n\/* ]]> *\/\n<\/script>\n","thumbnail_url":"https:\/\/d2p6e6u75xmxt8.cloudfront.net\/13\/2026\/09\/profimedia-1130430282.webp","thumbnail_width":1800,"thumbnail_height":1200,"description":"Nevy\u010derpateln\u00e1 studnice cyklistick\u00fdch talent\u016f? Slovinsko se py\u0161n\u00ed dal\u0161\u00edm v\u00edt\u011bzem etapy na Grand Tour. Je mu pouh\u00fdch dvacet let. Jakob Omrzel, cyklista Bahrain Victorious, dokonce p\u0159i \u0161pan\u011blsk\u00e9 Vuelt\u011b p\u0159ekonal rekord, j\u00edm\u017e se py\u0161nil krajan Tadej Poga\u010dar, p\u011btin\u00e1sobn\u00fd \u0161ampion Tour de France!"}