{"version":"1.0","provider_name":"\u0160koda We Love Cycling - \u010cesk\u00e1 republika","provider_url":"https:\/\/www.welovecycling.com\/cs","author_name":"radekmalina","author_url":"https:\/\/www.welovecycling.com\/cs\/author\/radekmalina\/","title":"Mas c\u00edt\u00ed \u017eivotn\u00ed \u0161anci. Ale m\u00e1 jednu slabinu","type":"rich","width":600,"height":338,"html":"<blockquote class=\"wp-embedded-content\" data-secret=\"62l8e6hWjG\"><a href=\"https:\/\/www.welovecycling.com\/cs\/2026\/09\/03\/mas-citi-zivotni-sanci-ale-ma-jednu-slabinu\/\">Mas c\u00edt\u00ed \u017eivotn\u00ed \u0161anci. Ale m\u00e1 jednu slabinu<\/a><\/blockquote><iframe sandbox=\"allow-scripts\" security=\"restricted\" src=\"https:\/\/www.welovecycling.com\/cs\/2026\/09\/03\/mas-citi-zivotni-sanci-ale-ma-jednu-slabinu\/embed\/#?secret=62l8e6hWjG\" width=\"600\" height=\"338\" title=\"&#8222;Mas c\u00edt\u00ed \u017eivotn\u00ed \u0161anci. Ale m\u00e1 jednu slabinu&#8220; &#8212; \u0160koda We Love Cycling - \u010cesk\u00e1 republika\" data-secret=\"62l8e6hWjG\" frameborder=\"0\" marginwidth=\"0\" marginheight=\"0\" scrolling=\"no\" class=\"wp-embedded-content\"><\/iframe><script type=\"text\/javascript\">\n\/* <![CDATA[ *\/\n\/*! This file is auto-generated *\/\n!function(d,l){\"use strict\";l.querySelector&&d.addEventListener&&\"undefined\"!=typeof URL&&(d.wp=d.wp||{},d.wp.receiveEmbedMessage||(d.wp.receiveEmbedMessage=function(e){var t=e.data;if((t||t.secret||t.message||t.value)&&!\/[^a-zA-Z0-9]\/.test(t.secret)){for(var s,r,n,a=l.querySelectorAll('iframe[data-secret=\"'+t.secret+'\"]'),o=l.querySelectorAll('blockquote[data-secret=\"'+t.secret+'\"]'),c=new RegExp(\"^https?:$\",\"i\"),i=0;i<o.length;i++)o[i].style.display=\"none\";for(i=0;i<a.length;i++)s=a[i],e.source===s.contentWindow&&(s.removeAttribute(\"style\"),\"height\"===t.message?(1e3<(r=parseInt(t.value,10))?r=1e3:~~r<200&&(r=200),s.height=r):\"link\"===t.message&&(r=new URL(s.getAttribute(\"src\")),n=new URL(t.value),c.test(n.protocol))&&n.host===r.host&&l.activeElement===s&&(d.top.location.href=t.value))}},d.addEventListener(\"message\",d.wp.receiveEmbedMessage,!1),l.addEventListener(\"DOMContentLoaded\",function(){for(var e,t,s=l.querySelectorAll(\"iframe.wp-embedded-content\"),r=0;r<s.length;r++)(t=(e=s[r]).getAttribute(\"data-secret\"))||(t=Math.random().toString(36).substring(2,12),e.src+=\"#?secret=\"+t,e.setAttribute(\"data-secret\",t)),e.contentWindow.postMessage({message:\"ready\",secret:t},\"*\")},!1)))}(window,document);\n\/* ]]> *\/\n<\/script>\n","thumbnail_url":"https:\/\/d2p6e6u75xmxt8.cloudfront.net\/13\/2024\/07\/1800-x-1200-velky.webp","thumbnail_width":1800,"thumbnail_height":1200,"description":"Extr\u00e9mn\u011b motivovan\u00fd l\u00eddr, kter\u00fd c\u00edt\u00ed \u017eivotn\u00ed \u0161anci. A z\u00e1stup sup\u016f, jim\u017e se naskytla p\u0159\u00edle\u017eitost, v n\u00ed\u017e nedoufali. Vuelta nab\u00eddne v druh\u00e9 polovin\u011b, kdy u\u017e nen\u00ed ve startovn\u00ed listin\u011b fenom\u00e9n Tadej Poga\u010dar, mimo\u0159\u00e1dn\u011b atraktivn\u00ed z\u00e1vod\u011bn\u00ed. \"Z\u00edskali jsme nejzaj\u00edmav\u011bj\u0161\u00ed Grand Tour sezony kv\u016fli jednomu kameni na silnici,\" \u0159\u00edk\u00e1 Zden\u011bk \u0160tybar, ambasador \u0160koda We Love Cycling, v nar\u00e1\u017ece na karambol slovinsk\u00e9ho l\u00eddra UAE Emirates XRG."}