{"version":"1.0","provider_name":"\u0160koda We Love Cycling - \u010cesk\u00e1 republika","provider_url":"https:\/\/www.welovecycling.com\/cs","author_name":"radekmalina","author_url":"https:\/\/www.welovecycling.com\/cs\/author\/radekmalina\/","title":"Alpy t\u011b ohrom\u00ed, L'Etape dojme","type":"rich","width":600,"height":338,"html":"<blockquote class=\"wp-embedded-content\" data-secret=\"yNjyZq0INL\"><a href=\"https:\/\/www.welovecycling.com\/cs\/2025\/11\/25\/alpy-te-ohromi-letape-dojme\/\">Alpy t\u011b ohrom\u00ed, L&#8217;Etape dojme<\/a><\/blockquote><iframe sandbox=\"allow-scripts\" security=\"restricted\" src=\"https:\/\/www.welovecycling.com\/cs\/2025\/11\/25\/alpy-te-ohromi-letape-dojme\/embed\/#?secret=yNjyZq0INL\" width=\"600\" height=\"338\" title=\"&#8222;Alpy t\u011b ohrom\u00ed, L&#8217;Etape dojme&#8220; &#8212; \u0160koda We Love Cycling - \u010cesk\u00e1 republika\" data-secret=\"yNjyZq0INL\" frameborder=\"0\" marginwidth=\"0\" marginheight=\"0\" scrolling=\"no\" class=\"wp-embedded-content\"><\/iframe><script type=\"text\/javascript\">\n\/* <![CDATA[ *\/\n\/*! This file is auto-generated *\/\n!function(d,l){\"use strict\";l.querySelector&&d.addEventListener&&\"undefined\"!=typeof URL&&(d.wp=d.wp||{},d.wp.receiveEmbedMessage||(d.wp.receiveEmbedMessage=function(e){var t=e.data;if((t||t.secret||t.message||t.value)&&!\/[^a-zA-Z0-9]\/.test(t.secret)){for(var s,r,n,a=l.querySelectorAll('iframe[data-secret=\"'+t.secret+'\"]'),o=l.querySelectorAll('blockquote[data-secret=\"'+t.secret+'\"]'),c=new RegExp(\"^https?:$\",\"i\"),i=0;i<o.length;i++)o[i].style.display=\"none\";for(i=0;i<a.length;i++)s=a[i],e.source===s.contentWindow&&(s.removeAttribute(\"style\"),\"height\"===t.message?(1e3<(r=parseInt(t.value,10))?r=1e3:~~r<200&&(r=200),s.height=r):\"link\"===t.message&&(r=new URL(s.getAttribute(\"src\")),n=new URL(t.value),c.test(n.protocol))&&n.host===r.host&&l.activeElement===s&&(d.top.location.href=t.value))}},d.addEventListener(\"message\",d.wp.receiveEmbedMessage,!1),l.addEventListener(\"DOMContentLoaded\",function(){for(var e,t,s=l.querySelectorAll(\"iframe.wp-embedded-content\"),r=0;r<s.length;r++)(t=(e=s[r]).getAttribute(\"data-secret\"))||(t=Math.random().toString(36).substring(2,12),e.src+=\"#?secret=\"+t,e.setAttribute(\"data-secret\",t)),e.contentWindow.postMessage({message:\"ready\",secret:t},\"*\")},!1)))}(window,document);\n\/* ]]> *\/\n<\/script>\n","thumbnail_url":"https:\/\/d2p6e6u75xmxt8.cloudfront.net\/13\/2025\/11\/3C9A9966-1-scaled.webp","thumbnail_width":2560,"thumbnail_height":1707,"description":"Nov\u00e9 kopce, nov\u00e1 startovn\u00ed m\u011bsta, nov\u00e9 lokality! L'Etape\u00a0Czech Republic by Tour de France 2026 nab\u00eddne p\u0159i \u0161est\u00e9m pokra\u010dov\u00e1n\u00ed na tuzemsk\u00e9m \u00fazem\u00ed dva zcela nov\u00e9 z\u00e1vody. Op\u011bt se pojede na zcela uzav\u0159en\u00fdch trat\u00edch, organiz\u00e1to\u0159i slibuj\u00ed stejn\u011b bou\u0159livou atmosf\u00e9ru jako v\u00a0p\u0159ede\u0161l\u00fdch ro\u010dn\u00edc\u00edch."}