{"version":"1.0","provider_name":"\u0160koda We Love Cycling - \u010cesk\u00e1 republika","provider_url":"https:\/\/www.welovecycling.com\/cs","author_name":"radekmalina","author_url":"https:\/\/www.welovecycling.com\/cs\/author\/radekmalina\/","title":"Sv\u011btov\u00fd unik\u00e1t p\u0159inesl i bolehlav","type":"rich","width":600,"height":338,"html":"<blockquote class=\"wp-embedded-content\" data-secret=\"iE5ZTkblcQ\"><a href=\"https:\/\/www.welovecycling.com\/cs\/2025\/10\/31\/svetovy-unikat-prinesl-i-bolehlav\/\">Sv\u011btov\u00fd unik\u00e1t p\u0159inesl i bolehlav<\/a><\/blockquote><iframe sandbox=\"allow-scripts\" security=\"restricted\" src=\"https:\/\/www.welovecycling.com\/cs\/2025\/10\/31\/svetovy-unikat-prinesl-i-bolehlav\/embed\/#?secret=iE5ZTkblcQ\" width=\"600\" height=\"338\" title=\"&#8222;Sv\u011btov\u00fd unik\u00e1t p\u0159inesl i bolehlav&#8220; &#8212; \u0160koda We Love Cycling - \u010cesk\u00e1 republika\" data-secret=\"iE5ZTkblcQ\" frameborder=\"0\" marginwidth=\"0\" marginheight=\"0\" scrolling=\"no\" class=\"wp-embedded-content\"><\/iframe><script type=\"text\/javascript\">\n\/* <![CDATA[ *\/\n\/*! This file is auto-generated *\/\n!function(d,l){\"use strict\";l.querySelector&&d.addEventListener&&\"undefined\"!=typeof URL&&(d.wp=d.wp||{},d.wp.receiveEmbedMessage||(d.wp.receiveEmbedMessage=function(e){var t=e.data;if((t||t.secret||t.message||t.value)&&!\/[^a-zA-Z0-9]\/.test(t.secret)){for(var s,r,n,a=l.querySelectorAll('iframe[data-secret=\"'+t.secret+'\"]'),o=l.querySelectorAll('blockquote[data-secret=\"'+t.secret+'\"]'),c=new RegExp(\"^https?:$\",\"i\"),i=0;i<o.length;i++)o[i].style.display=\"none\";for(i=0;i<a.length;i++)s=a[i],e.source===s.contentWindow&&(s.removeAttribute(\"style\"),\"height\"===t.message?(1e3<(r=parseInt(t.value,10))?r=1e3:~~r<200&&(r=200),s.height=r):\"link\"===t.message&&(r=new URL(s.getAttribute(\"src\")),n=new URL(t.value),c.test(n.protocol))&&n.host===r.host&&l.activeElement===s&&(d.top.location.href=t.value))}},d.addEventListener(\"message\",d.wp.receiveEmbedMessage,!1),l.addEventListener(\"DOMContentLoaded\",function(){for(var e,t,s=l.querySelectorAll(\"iframe.wp-embedded-content\"),r=0;r<s.length;r++)(t=(e=s[r]).getAttribute(\"data-secret\"))||(t=Math.random().toString(36).substring(2,12),e.src+=\"#?secret=\"+t,e.setAttribute(\"data-secret\",t)),e.contentWindow.postMessage({message:\"ready\",secret:t},\"*\")},!1)))}(window,document);\n\/* ]]> *\/\n<\/script>\n","thumbnail_url":"https:\/\/d2p6e6u75xmxt8.cloudfront.net\/13\/2025\/07\/20250727TDF1115-scaled.webp","thumbnail_width":2560,"thumbnail_height":1707,"description":"Byli prvn\u00ed na sv\u011bt\u011b! \u017d\u00e1dn\u00fd t\u00fdm v historii cyklistiky nedok\u00e1zal vyhr\u00e1t bodovac\u00ed sout\u011b\u017e ve v\u0161ech t\u0159ech Grand Tour sezony. A\u017e borci z formace Lidl-Trek p\u0159epsali d\u011bjiny. Mads Pedersen a Jonathan Milan zm\u011bnili statistiky. Ov\u0161em sv\u011btov\u011b unik\u00e1tn\u00ed z\u00e1pis p\u0159inesl veden\u00ed i jeden velk\u00fd bolehlav pro budoucnost..."}