{"version":"1.0","provider_name":"\u0160koda We Love Cycling - \u010cesk\u00e1 republika","provider_url":"https:\/\/www.welovecycling.com\/cs","author_name":"radekmalina","author_url":"https:\/\/www.welovecycling.com\/cs\/author\/radekmalina\/","title":"Vingegaard nev\u00ed, jak vyhr\u00e1t jednodenn\u00ed z\u00e1vod","type":"rich","width":600,"height":338,"html":"<blockquote class=\"wp-embedded-content\" data-secret=\"kYejI9XxsI\"><a href=\"https:\/\/www.welovecycling.com\/cs\/2025\/10\/03\/vingegaard-nevi-jak-vyhrat-jednodenni-zavod\/\">Vingegaard nev\u00ed, jak vyhr\u00e1t jednodenn\u00ed z\u00e1vod<\/a><\/blockquote><iframe sandbox=\"allow-scripts\" security=\"restricted\" src=\"https:\/\/www.welovecycling.com\/cs\/2025\/10\/03\/vingegaard-nevi-jak-vyhrat-jednodenni-zavod\/embed\/#?secret=kYejI9XxsI\" width=\"600\" height=\"338\" title=\"&#8222;Vingegaard nev\u00ed, jak vyhr\u00e1t jednodenn\u00ed z\u00e1vod&#8220; &#8212; \u0160koda We Love Cycling - \u010cesk\u00e1 republika\" data-secret=\"kYejI9XxsI\" frameborder=\"0\" marginwidth=\"0\" marginheight=\"0\" scrolling=\"no\" class=\"wp-embedded-content\"><\/iframe><script type=\"text\/javascript\">\n\/* <![CDATA[ *\/\n\/*! This file is auto-generated *\/\n!function(d,l){\"use strict\";l.querySelector&&d.addEventListener&&\"undefined\"!=typeof URL&&(d.wp=d.wp||{},d.wp.receiveEmbedMessage||(d.wp.receiveEmbedMessage=function(e){var t=e.data;if((t||t.secret||t.message||t.value)&&!\/[^a-zA-Z0-9]\/.test(t.secret)){for(var s,r,n,a=l.querySelectorAll('iframe[data-secret=\"'+t.secret+'\"]'),o=l.querySelectorAll('blockquote[data-secret=\"'+t.secret+'\"]'),c=new RegExp(\"^https?:$\",\"i\"),i=0;i<o.length;i++)o[i].style.display=\"none\";for(i=0;i<a.length;i++)s=a[i],e.source===s.contentWindow&&(s.removeAttribute(\"style\"),\"height\"===t.message?(1e3<(r=parseInt(t.value,10))?r=1e3:~~r<200&&(r=200),s.height=r):\"link\"===t.message&&(r=new URL(s.getAttribute(\"src\")),n=new URL(t.value),c.test(n.protocol))&&n.host===r.host&&l.activeElement===s&&(d.top.location.href=t.value))}},d.addEventListener(\"message\",d.wp.receiveEmbedMessage,!1),l.addEventListener(\"DOMContentLoaded\",function(){for(var e,t,s=l.querySelectorAll(\"iframe.wp-embedded-content\"),r=0;r<s.length;r++)(t=(e=s[r]).getAttribute(\"data-secret\"))||(t=Math.random().toString(36).substring(2,12),e.src+=\"#?secret=\"+t,e.setAttribute(\"data-secret\",t)),e.contentWindow.postMessage({message:\"ready\",secret:t},\"*\")},!1)))}(window,document);\n\/* ]]> *\/\n<\/script>\n","thumbnail_url":"https:\/\/d2p6e6u75xmxt8.cloudfront.net\/13\/2025\/09\/20250831LV4001-scaled.webp","thumbnail_width":2560,"thumbnail_height":1707,"description":"Je nezpochybniteln\u00fdm \u0161ampionem. Vyhr\u00e1l dv\u011b Tour de France, ovl\u00e1dl \u0161pan\u011blskou Vueltu, py\u0161n\u00ed se celkov\u00fdmi triumfy ze sedmi men\u0161\u00edch etapov\u00fdch z\u00e1vod\u016f. Jonas Vingegaard v\u0161ak nikdy nevyhr\u00e1l \u017e\u00e1dn\u00fd presti\u017en\u00ed jednodenn\u00ed z\u00e1vod, dokonce p\u0159i n\u011bm nebyl ani na stupn\u00edch v\u00edt\u011bz\u016f. Nikdy nejel mistrovstv\u00ed sv\u011bta ani mistrovstv\u00ed Evropy. Kontinent\u00e1ln\u00ed \u0161ampion\u00e1t ve Francii druhou \u0159\u00edjnovou ned\u011bli bude jeho premi\u00e9rou."}