{"version":"1.0","provider_name":"\u0160koda We Love Cycling - \u010cesk\u00e1 republika","provider_url":"https:\/\/www.welovecycling.com\/cs","author_name":"radekmalina","author_url":"https:\/\/www.welovecycling.com\/cs\/author\/radekmalina\/","title":"Od rakoviny k dresu l\u00eddra Vuelty","type":"rich","width":600,"height":338,"html":"<blockquote class=\"wp-embedded-content\" data-secret=\"IlUGB45XuS\"><a href=\"https:\/\/www.welovecycling.com\/cs\/2025\/08\/29\/od-rakoviny-k-dresu-lidra-vuelty\/\">Od rakoviny k dresu l\u00eddra Vuelty<\/a><\/blockquote><iframe sandbox=\"allow-scripts\" security=\"restricted\" src=\"https:\/\/www.welovecycling.com\/cs\/2025\/08\/29\/od-rakoviny-k-dresu-lidra-vuelty\/embed\/#?secret=IlUGB45XuS\" width=\"600\" height=\"338\" title=\"&#8222;Od rakoviny k dresu l\u00eddra Vuelty&#8220; &#8212; \u0160koda We Love Cycling - \u010cesk\u00e1 republika\" data-secret=\"IlUGB45XuS\" frameborder=\"0\" marginwidth=\"0\" marginheight=\"0\" scrolling=\"no\" class=\"wp-embedded-content\"><\/iframe><script type=\"text\/javascript\">\n\/* <![CDATA[ *\/\n\/*! This file is auto-generated *\/\n!function(d,l){\"use strict\";l.querySelector&&d.addEventListener&&\"undefined\"!=typeof URL&&(d.wp=d.wp||{},d.wp.receiveEmbedMessage||(d.wp.receiveEmbedMessage=function(e){var t=e.data;if((t||t.secret||t.message||t.value)&&!\/[^a-zA-Z0-9]\/.test(t.secret)){for(var s,r,n,a=l.querySelectorAll('iframe[data-secret=\"'+t.secret+'\"]'),o=l.querySelectorAll('blockquote[data-secret=\"'+t.secret+'\"]'),c=new RegExp(\"^https?:$\",\"i\"),i=0;i<o.length;i++)o[i].style.display=\"none\";for(i=0;i<a.length;i++)s=a[i],e.source===s.contentWindow&&(s.removeAttribute(\"style\"),\"height\"===t.message?(1e3<(r=parseInt(t.value,10))?r=1e3:~~r<200&&(r=200),s.height=r):\"link\"===t.message&&(r=new URL(s.getAttribute(\"src\")),n=new URL(t.value),c.test(n.protocol))&&n.host===r.host&&l.activeElement===s&&(d.top.location.href=t.value))}},d.addEventListener(\"message\",d.wp.receiveEmbedMessage,!1),l.addEventListener(\"DOMContentLoaded\",function(){for(var e,t,s=l.querySelectorAll(\"iframe.wp-embedded-content\"),r=0;r<s.length;r++)(t=(e=s[r]).getAttribute(\"data-secret\"))||(t=Math.random().toString(36).substring(2,12),e.src+=\"#?secret=\"+t,e.setAttribute(\"data-secret\",t)),e.contentWindow.postMessage({message:\"ready\",secret:t},\"*\")},!1)))}(window,document);\n\/* ]]> *\/\n<\/script>\n","thumbnail_url":"https:\/\/d2p6e6u75xmxt8.cloudfront.net\/13\/2025\/08\/20250828LV4008-scaled.webp","thumbnail_width":2560,"thumbnail_height":1707,"description":"\u017divotn\u00ed okam\u017eik v podob\u011b rud\u00e9ho dresu l\u00eddra Vuelty? Kdy\u017e p\u0159ekon\u00e1te rakovinu, berete v\u0161echno tro\u0161ku jinak. Jako t\u0159eba Torstein Tr\u00e6en, kter\u00fd se do \u010dela jubilejn\u00edho osmdes\u00e1t\u00e9ho ro\u010dn\u00edku \u0161pan\u011blsk\u00e9 Grand Tour dostal po \u0161est\u00e9m d\u011bjstv\u00ed. P\u0159itom jeho c\u00edlem bylo vyhr\u00e1t etapu. \"P\u0159esn\u011b jako m\u016fj \u017eivot. Jedna velk\u00e1 horsk\u00e1 dr\u00e1ha,\" pokr\u010dil rameny."}