{"version":"1.0","provider_name":"\u0160koda We Love Cycling - \u010cesk\u00e1 republika","provider_url":"https:\/\/www.welovecycling.com\/cs","author_name":"radekmalina","author_url":"https:\/\/www.welovecycling.com\/cs\/author\/radekmalina\/","title":"Pro\u010d Grand Tour tak \u010dasto za\u010d\u00ednaj\u00ed v zahrani\u010d\u00ed?","type":"rich","width":600,"height":338,"html":"<blockquote class=\"wp-embedded-content\" data-secret=\"eBgHVT6Pmq\"><a href=\"https:\/\/www.welovecycling.com\/cs\/2025\/05\/08\/proc-grand-tour-tak-casto-zacinaji-v-zahranici\/\">Pro\u010d Grand Tour tak \u010dasto za\u010d\u00ednaj\u00ed v zahrani\u010d\u00ed?<\/a><\/blockquote><iframe sandbox=\"allow-scripts\" security=\"restricted\" src=\"https:\/\/www.welovecycling.com\/cs\/2025\/05\/08\/proc-grand-tour-tak-casto-zacinaji-v-zahranici\/embed\/#?secret=eBgHVT6Pmq\" width=\"600\" height=\"338\" title=\"&#8222;Pro\u010d Grand Tour tak \u010dasto za\u010d\u00ednaj\u00ed v zahrani\u010d\u00ed?&#8220; &#8212; \u0160koda We Love Cycling - \u010cesk\u00e1 republika\" data-secret=\"eBgHVT6Pmq\" frameborder=\"0\" marginwidth=\"0\" marginheight=\"0\" scrolling=\"no\" class=\"wp-embedded-content\"><\/iframe><script type=\"text\/javascript\">\n\/* <![CDATA[ *\/\n\/*! This file is auto-generated *\/\n!function(d,l){\"use strict\";l.querySelector&&d.addEventListener&&\"undefined\"!=typeof URL&&(d.wp=d.wp||{},d.wp.receiveEmbedMessage||(d.wp.receiveEmbedMessage=function(e){var t=e.data;if((t||t.secret||t.message||t.value)&&!\/[^a-zA-Z0-9]\/.test(t.secret)){for(var s,r,n,a=l.querySelectorAll('iframe[data-secret=\"'+t.secret+'\"]'),o=l.querySelectorAll('blockquote[data-secret=\"'+t.secret+'\"]'),c=new RegExp(\"^https?:$\",\"i\"),i=0;i<o.length;i++)o[i].style.display=\"none\";for(i=0;i<a.length;i++)s=a[i],e.source===s.contentWindow&&(s.removeAttribute(\"style\"),\"height\"===t.message?(1e3<(r=parseInt(t.value,10))?r=1e3:~~r<200&&(r=200),s.height=r):\"link\"===t.message&&(r=new URL(s.getAttribute(\"src\")),n=new URL(t.value),c.test(n.protocol))&&n.host===r.host&&l.activeElement===s&&(d.top.location.href=t.value))}},d.addEventListener(\"message\",d.wp.receiveEmbedMessage,!1),l.addEventListener(\"DOMContentLoaded\",function(){for(var e,t,s=l.querySelectorAll(\"iframe.wp-embedded-content\"),r=0;r<s.length;r++)(t=(e=s[r]).getAttribute(\"data-secret\"))||(t=Math.random().toString(36).substring(2,12),e.src+=\"#?secret=\"+t,e.setAttribute(\"data-secret\",t)),e.contentWindow.postMessage({message:\"ready\",secret:t},\"*\")},!1)))}(window,document);\n\/* ]]> *\/\n<\/script>\n","thumbnail_url":"https:\/\/d2p6e6u75xmxt8.cloudfront.net\/13\/2025\/05\/profimedia-0996306899.webp","thumbnail_width":1800,"thumbnail_height":1200,"description":"Nejd\u0159\u00edv si prosvi\u0161t\u00edme slovn\u00ed\u010dek, a to chronologicky pozp\u00e1tku, odzadu: \u0161pan\u011blsk\u00e1 Vuelta (startuje v srpnu) tomu \u0159\u00edk\u00e1 Gran Partida, u Tour de France jde o Grand D\u00e9part a prvn\u00ed z Grand Tour \u2013 kv\u011btnov\u00e9 Giro sv\u016fj slavnostn\u00ed start naz\u00fdv\u00e1 Grande Partenza. A o n\u011bj te\u010f jde, proto\u017ee druh\u00fd kv\u011btnov\u00fd p\u00e1tek se rozjede r\u016f\u017eov\u00fd peloton ke sv\u00e9 t\u0159\u00edt\u00fddenn\u00ed pouti. Z Alb\u00e1nie\u2026"}