{"version":"1.0","provider_name":"\u0160koda We Love Cycling - \u010cesk\u00e1 republika","provider_url":"https:\/\/www.welovecycling.com\/cs","author_name":"radekmalina","author_url":"https:\/\/www.welovecycling.com\/cs\/author\/radekmalina\/","title":"\u0160tyby nebo Niki, je\u010fte! Jak \u010desk\u00e1 hv\u011bzda zav\u00e1hala","type":"rich","width":600,"height":338,"html":"<blockquote class=\"wp-embedded-content\" data-secret=\"2njTk9nsE5\"><a href=\"https:\/\/www.welovecycling.com\/cs\/2025\/04\/03\/styby-nebo-niki-jedte-jak-ceska-hvezda-zavahala\/\">\u0160tyby nebo Niki, je\u010fte! Jak \u010desk\u00e1 hv\u011bzda zav\u00e1hala<\/a><\/blockquote><iframe sandbox=\"allow-scripts\" security=\"restricted\" src=\"https:\/\/www.welovecycling.com\/cs\/2025\/04\/03\/styby-nebo-niki-jedte-jak-ceska-hvezda-zavahala\/embed\/#?secret=2njTk9nsE5\" width=\"600\" height=\"338\" title=\"&#8222;\u0160tyby nebo Niki, je\u010fte! Jak \u010desk\u00e1 hv\u011bzda zav\u00e1hala&#8220; &#8212; \u0160koda We Love Cycling - \u010cesk\u00e1 republika\" data-secret=\"2njTk9nsE5\" frameborder=\"0\" marginwidth=\"0\" marginheight=\"0\" scrolling=\"no\" class=\"wp-embedded-content\"><\/iframe><script type=\"text\/javascript\">\n\/* <![CDATA[ *\/\n\/*! This file is auto-generated *\/\n!function(d,l){\"use strict\";l.querySelector&&d.addEventListener&&\"undefined\"!=typeof URL&&(d.wp=d.wp||{},d.wp.receiveEmbedMessage||(d.wp.receiveEmbedMessage=function(e){var t=e.data;if((t||t.secret||t.message||t.value)&&!\/[^a-zA-Z0-9]\/.test(t.secret)){for(var s,r,n,a=l.querySelectorAll('iframe[data-secret=\"'+t.secret+'\"]'),o=l.querySelectorAll('blockquote[data-secret=\"'+t.secret+'\"]'),c=new RegExp(\"^https?:$\",\"i\"),i=0;i<o.length;i++)o[i].style.display=\"none\";for(i=0;i<a.length;i++)s=a[i],e.source===s.contentWindow&&(s.removeAttribute(\"style\"),\"height\"===t.message?(1e3<(r=parseInt(t.value,10))?r=1e3:~~r<200&&(r=200),s.height=r):\"link\"===t.message&&(r=new URL(s.getAttribute(\"src\")),n=new URL(t.value),c.test(n.protocol))&&n.host===r.host&&l.activeElement===s&&(d.top.location.href=t.value))}},d.addEventListener(\"message\",d.wp.receiveEmbedMessage,!1),l.addEventListener(\"DOMContentLoaded\",function(){for(var e,t,s=l.querySelectorAll(\"iframe.wp-embedded-content\"),r=0;r<s.length;r++)(t=(e=s[r]).getAttribute(\"data-secret\"))||(t=Math.random().toString(36).substring(2,12),e.src+=\"#?secret=\"+t,e.setAttribute(\"data-secret\",t)),e.contentWindow.postMessage({message:\"ready\",secret:t},\"*\")},!1)))}(window,document);\n\/* ]]> *\/\n<\/script>\n","thumbnail_url":"https:\/\/d2p6e6u75xmxt8.cloudfront.net\/13\/2021\/10\/stybar-1344604525_1633282117-Tim-de-Waele.webp","thumbnail_width":1200,"thumbnail_height":800,"description":"Nejbrut\u00e1ln\u011bj\u0161\u00ed z\u00e1vody silni\u010dn\u00edho kalend\u00e1\u0159e v pr\u016fb\u011bhu jara! Kolem Flander. Pak Pa\u0159\u00ed\u017e-Roubaix. Dva Monumenty, kter\u00e9 m\u011bn\u00ed kari\u00e9ry z\u00e1vodn\u00edk\u016f. Desetkr\u00e1t st\u00e1l na startu ka\u017ed\u00e9ho z nich i Zden\u011bk \u0160tybar, b\u00fdval\u00fd profesion\u00e1ln\u00ed z\u00e1vodn\u00edk. Flandry dokon\u010dil t\u0159ikr\u00e1t v elitn\u00ed des\u00edtce, kterou na Pekle severu vybojoval \u0161estkr\u00e1t. Dvakr\u00e1t byl druh\u00fd. \"Roubaix pro m\u011b nav\u017edy z\u016fstane sladkokysel\u00e9. \u0160anc\u00ed na v\u00fdhru bylo v\u00edce ne\u017e jen v t\u011bch dvou st\u0159\u00edbrn\u00fdch letech,\" vzpom\u00edn\u00e1 Zden\u011bk \u0160tybar."}