{"version":"1.0","provider_name":"\u0160koda We Love Cycling - \u010cesk\u00e1 republika","provider_url":"https:\/\/www.welovecycling.com\/cs","author_name":"radekmalina","author_url":"https:\/\/www.welovecycling.com\/cs\/author\/radekmalina\/","title":"Pro\u010d Ben O'Connor (ne)vyhraje Vueltu 2024?","type":"rich","width":600,"height":338,"html":"<blockquote class=\"wp-embedded-content\" data-secret=\"ZUv9NDFV0q\"><a href=\"https:\/\/www.welovecycling.com\/cs\/2024\/09\/02\/proc-ben-oconnor-nevyhraje-vueltu-2024\/\">Pro\u010d Ben O&#8217;Connor (ne)vyhraje Vueltu 2024?<\/a><\/blockquote><iframe sandbox=\"allow-scripts\" security=\"restricted\" src=\"https:\/\/www.welovecycling.com\/cs\/2024\/09\/02\/proc-ben-oconnor-nevyhraje-vueltu-2024\/embed\/#?secret=ZUv9NDFV0q\" width=\"600\" height=\"338\" title=\"&#8222;Pro\u010d Ben O&#8217;Connor (ne)vyhraje Vueltu 2024?&#8220; &#8212; \u0160koda We Love Cycling - \u010cesk\u00e1 republika\" data-secret=\"ZUv9NDFV0q\" frameborder=\"0\" marginwidth=\"0\" marginheight=\"0\" scrolling=\"no\" class=\"wp-embedded-content\"><\/iframe><script type=\"text\/javascript\">\n\/* <![CDATA[ *\/\n\/*! This file is auto-generated *\/\n!function(d,l){\"use strict\";l.querySelector&&d.addEventListener&&\"undefined\"!=typeof URL&&(d.wp=d.wp||{},d.wp.receiveEmbedMessage||(d.wp.receiveEmbedMessage=function(e){var t=e.data;if((t||t.secret||t.message||t.value)&&!\/[^a-zA-Z0-9]\/.test(t.secret)){for(var s,r,n,a=l.querySelectorAll('iframe[data-secret=\"'+t.secret+'\"]'),o=l.querySelectorAll('blockquote[data-secret=\"'+t.secret+'\"]'),c=new RegExp(\"^https?:$\",\"i\"),i=0;i<o.length;i++)o[i].style.display=\"none\";for(i=0;i<a.length;i++)s=a[i],e.source===s.contentWindow&&(s.removeAttribute(\"style\"),\"height\"===t.message?(1e3<(r=parseInt(t.value,10))?r=1e3:~~r<200&&(r=200),s.height=r):\"link\"===t.message&&(r=new URL(s.getAttribute(\"src\")),n=new URL(t.value),c.test(n.protocol))&&n.host===r.host&&l.activeElement===s&&(d.top.location.href=t.value))}},d.addEventListener(\"message\",d.wp.receiveEmbedMessage,!1),l.addEventListener(\"DOMContentLoaded\",function(){for(var e,t,s=l.querySelectorAll(\"iframe.wp-embedded-content\"),r=0;r<s.length;r++)(t=(e=s[r]).getAttribute(\"data-secret\"))||(t=Math.random().toString(36).substring(2,12),e.src+=\"#?secret=\"+t,e.setAttribute(\"data-secret\",t)),e.contentWindow.postMessage({message:\"ready\",secret:t},\"*\")},!1)))}(window,document);\n\/* ]]> *\/\n<\/script>\n","thumbnail_url":"https:\/\/d2p6e6u75xmxt8.cloudfront.net\/13\/2024\/09\/ben-o-connor.webp","thumbnail_width":2400,"thumbnail_height":1600,"description":"P\u00ed\u0161e historii! U\u017e dev\u011bt etap jede v rud\u00e9m trikotu l\u00eddra Vuelty, co\u017e nikdy \u017e\u00e1dn\u00fd jeho krajan nedok\u00e1zal. Ben O'Connor, australsk\u00fd cyklista t\u00fdmu Decathlon AG2R La Mondiale, sn\u00ed o v\u00edt\u011bzstv\u00ed na Grand Tour. Fam\u00f3zn\u00ed v\u00fdkon v \u0161est\u00e9 etap\u011b jej katapultoval do \u010dela z\u00e1vodu a i \u0161est etap p\u0159ed korunovac\u00ed v Madridu se tam dr\u017e\u00ed. Jeho n\u00e1skok se zten\u010dil, nicm\u00e9n\u011b po\u0159\u00e1d m\u00e1 odstup od pron\u00e1sledovatel\u016f. Existuje nad\u011bje, \u017ee z\u016fstane v maillot roja a\u017e do konce?"}