{"version":"1.0","provider_name":"\u0160koda We Love Cycling - \u010cesk\u00e1 republika","provider_url":"https:\/\/www.welovecycling.com\/cs","author_name":"radekmalina","author_url":"https:\/\/www.welovecycling.com\/cs\/author\/radekmalina\/","title":"Tour de France 2007: Za\u0159\u00edznut\u00e9 ku\u0159e\u00a0","type":"rich","width":600,"height":338,"html":"<blockquote class=\"wp-embedded-content\" data-secret=\"fdyb7lcMIG\"><a href=\"https:\/\/www.welovecycling.com\/cs\/2024\/06\/14\/tour-de-france-2007-zariznute-kure\/\">Tour de France 2007: Za\u0159\u00edznut\u00e9 ku\u0159e\u00a0<\/a><\/blockquote><iframe sandbox=\"allow-scripts\" security=\"restricted\" src=\"https:\/\/www.welovecycling.com\/cs\/2024\/06\/14\/tour-de-france-2007-zariznute-kure\/embed\/#?secret=fdyb7lcMIG\" width=\"600\" height=\"338\" title=\"&#8222;Tour de France 2007: Za\u0159\u00edznut\u00e9 ku\u0159e\u00a0&#8220; &#8212; \u0160koda We Love Cycling - \u010cesk\u00e1 republika\" data-secret=\"fdyb7lcMIG\" frameborder=\"0\" marginwidth=\"0\" marginheight=\"0\" scrolling=\"no\" class=\"wp-embedded-content\"><\/iframe><script type=\"text\/javascript\">\n\/* <![CDATA[ *\/\n\/*! This file is auto-generated *\/\n!function(d,l){\"use strict\";l.querySelector&&d.addEventListener&&\"undefined\"!=typeof URL&&(d.wp=d.wp||{},d.wp.receiveEmbedMessage||(d.wp.receiveEmbedMessage=function(e){var t=e.data;if((t||t.secret||t.message||t.value)&&!\/[^a-zA-Z0-9]\/.test(t.secret)){for(var s,r,n,a=l.querySelectorAll('iframe[data-secret=\"'+t.secret+'\"]'),o=l.querySelectorAll('blockquote[data-secret=\"'+t.secret+'\"]'),c=new RegExp(\"^https?:$\",\"i\"),i=0;i<o.length;i++)o[i].style.display=\"none\";for(i=0;i<a.length;i++)s=a[i],e.source===s.contentWindow&&(s.removeAttribute(\"style\"),\"height\"===t.message?(1e3<(r=parseInt(t.value,10))?r=1e3:~~r<200&&(r=200),s.height=r):\"link\"===t.message&&(r=new URL(s.getAttribute(\"src\")),n=new URL(t.value),c.test(n.protocol))&&n.host===r.host&&l.activeElement===s&&(d.top.location.href=t.value))}},d.addEventListener(\"message\",d.wp.receiveEmbedMessage,!1),l.addEventListener(\"DOMContentLoaded\",function(){for(var e,t,s=l.querySelectorAll(\"iframe.wp-embedded-content\"),r=0;r<s.length;r++)(t=(e=s[r]).getAttribute(\"data-secret\"))||(t=Math.random().toString(36).substring(2,12),e.src+=\"#?secret=\"+t,e.setAttribute(\"data-secret\",t)),e.contentWindow.postMessage({message:\"ready\",secret:t},\"*\")},!1)))}(window,document);\n\/* ]]> *\/\n<\/script>\n","thumbnail_url":"https:\/\/d2p6e6u75xmxt8.cloudfront.net\/13\/2024\/06\/profimedia-0021984696.webp","thumbnail_width":1800,"thumbnail_height":1390,"description":"U\u017e dev\u011bt dn\u016f vl\u00e1dne Tour de France! Py\u0161n\u00ed se \u017elu\u0165ou\u010dk\u00fdm dresem l\u00eddra z\u00e1vodu. D\u00e1n Michael Rasmussen p\u0159ezd\u00edvan\u00fd ku\u0159e kv\u016fli vyz\u00e1bl\u00e9 postav\u011b dvakr\u00e1t v\u202fp\u0159ede\u0161l\u00fdch sezon\u00e1ch ovl\u00e1dl na Star\u00e9 d\u00e1m\u011b vrcha\u0159skou sout\u011b\u017e! Ale te\u010f si jede pro v\u00edt\u011bzstv\u00ed. V\u202ft\u0159iat\u0159iceti letech prvn\u00ed triumf z\u202fetapov\u00e9ho z\u00e1vodu. Nejv\u011bt\u0161\u00edho a nejslavn\u011bj\u0161\u00edho.\u00a0"}